{"id":7,"date":"2013-03-20T08:54:53","date_gmt":"2013-03-20T07:54:53","guid":{"rendered":"http:\/\/www.lacotedaime.com\/Syndicat-Initiative\/?page_id=7"},"modified":"2025-09-08T18:48:09","modified_gmt":"2025-09-08T17:48:09","slug":"accueil","status":"publish","type":"page","link":"https:\/\/www.lacotedaime.com\/Syndicat-Initiative\/","title":{"rendered":"Syndicat d&rsquo;initiative de la C\u00f4te d&rsquo;Aime &#8211; Valezan"},"content":{"rendered":"<h2>La Plagne Tarentaise<\/h2>\n<h2><span style=\"color: #0000ff;\"><strong>Ouverture du Syndicat d&rsquo;initiative \u00e0 La C\u00f4te d&rsquo;Aime (Chef lieu)<\/strong><\/span><\/h2>\n<ul style=\"list-style-type: circle;\">\n<li>Les lundis de 10h \u00e0 12h <span style=\"color: #2c84cd;\"><strong><a href=\"https:\/\/www.lacotedaime.com\/Syndicat-Initiative\/wp-content\/uploads\/2024\/07\/Photo-facade-SI-2-scaled.jpg\"><img decoding=\"async\" class=\"alignright size-medium wp-image-5189\" src=\"https:\/\/www.lacotedaime.com\/Syndicat-Initiative\/wp-content\/uploads\/2024\/07\/Photo-facade-SI-2-300x225.jpg\" alt=\"\" width=\"300\" height=\"225\" srcset=\"https:\/\/www.lacotedaime.com\/Syndicat-Initiative\/wp-content\/uploads\/2024\/07\/Photo-facade-SI-2-300x225.jpg 300w, https:\/\/www.lacotedaime.com\/Syndicat-Initiative\/wp-content\/uploads\/2024\/07\/Photo-facade-SI-2-1024x768.jpg 1024w, https:\/\/www.lacotedaime.com\/Syndicat-Initiative\/wp-content\/uploads\/2024\/07\/Photo-facade-SI-2-768x576.jpg 768w, https:\/\/www.lacotedaime.com\/Syndicat-Initiative\/wp-content\/uploads\/2024\/07\/Photo-facade-SI-2-1536x1152.jpg 1536w, https:\/\/www.lacotedaime.com\/Syndicat-Initiative\/wp-content\/uploads\/2024\/07\/Photo-facade-SI-2-2048x1536.jpg 2048w, https:\/\/www.lacotedaime.com\/Syndicat-Initiative\/wp-content\/uploads\/2024\/07\/Photo-facade-SI-2-1200x900.jpg 1200w\" sizes=\"(max-width: 300px) 100vw, 300px\" \/><\/a><\/strong><\/span><\/li>\n<li>Les jeudis de 11 \u00e0 13h<\/li>\n<li>Les vendredis de 15h \u00e0 19h<\/li>\n<\/ul>\n<p>&nbsp;<\/p>\n<h2><span style=\"color: #0000ff;\"><strong>Ouverture des mus\u00e9es, visite libre :\u00a0<\/strong><\/span><\/h2>\n<p>Sur La C\u00f4te d&rsquo;Aime :<\/p>\n<ul style=\"list-style-type: circle;\">\n<li>L&rsquo;\u00e9cole d&rsquo;autrefois : les lundis et jeudis de 15h \u00e0 17h \u00e0 partir du 30\/06<\/li>\n<li>La fruiti\u00e8re de La C\u00f4te d&rsquo;Aime : les lundis de 10h \u00e0 12h et les vendredis de 15h \u00e0 19h du 30\/06 au 15\/08<\/li>\n<\/ul>\n<p>&nbsp;<\/p>\n<p>Sur Montm\u00e9ry :<\/p>\n<p><a href=\"https:\/\/www.lacotedaime.com\/Syndicat-Initiative\/wp-content\/uploads\/2024\/08\/20240815_122544-scaled.jpg\"><img decoding=\"async\" class=\"size-medium wp-image-5241 alignleft\" src=\"https:\/\/www.lacotedaime.com\/Syndicat-Initiative\/wp-content\/uploads\/2024\/08\/20240815_122544-169x300.jpg\" alt=\"\" width=\"169\" height=\"300\" srcset=\"https:\/\/www.lacotedaime.com\/Syndicat-Initiative\/wp-content\/uploads\/2024\/08\/20240815_122544-169x300.jpg 169w, https:\/\/www.lacotedaime.com\/Syndicat-Initiative\/wp-content\/uploads\/2024\/08\/20240815_122544-576x1024.jpg 576w, https:\/\/www.lacotedaime.com\/Syndicat-Initiative\/wp-content\/uploads\/2024\/08\/20240815_122544-768x1365.jpg 768w, https:\/\/www.lacotedaime.com\/Syndicat-Initiative\/wp-content\/uploads\/2024\/08\/20240815_122544-864x1536.jpg 864w, https:\/\/www.lacotedaime.com\/Syndicat-Initiative\/wp-content\/uploads\/2024\/08\/20240815_122544-1152x2048.jpg 1152w, https:\/\/www.lacotedaime.com\/Syndicat-Initiative\/wp-content\/uploads\/2024\/08\/20240815_122544-1200x2133.jpg 1200w, https:\/\/www.lacotedaime.com\/Syndicat-Initiative\/wp-content\/uploads\/2024\/08\/20240815_122544-scaled.jpg 1441w\" sizes=\"(max-width: 169px) 100vw, 169px\" \/><\/a><\/p>\n<p>&nbsp;<\/p>\n<ul style=\"list-style-type: circle;\">\n<li style=\"text-align: left;\">La Maison Joann\u00e8s<\/li>\n<li style=\"text-align: left;\">La Fruiti\u00e8re de Montmery<\/li>\n<li style=\"text-align: left;\">La Chapelle Saint Etienne<\/li>\n<\/ul>\n<p>Les mardis de 10h \u00e0 12h du 15\/07 au 19\/08<\/p>\n<p>&nbsp;<\/p>\n<p>Pour toute visite en dehors de ces horaires, contactez le SI au 07 66 09 78 94<\/p>\n<p><a href=\"https:\/\/www.lacotedaime.com\/Syndicat-Initiative\/wp-content\/uploads\/2024\/08\/Maison-Joann\u00e8s_Montmery-28-scaled.jpg\"><img decoding=\"async\" class=\"alignnone wp-image-5252 size-medium\" src=\"https:\/\/www.lacotedaime.com\/Syndicat-Initiative\/wp-content\/uploads\/2024\/08\/Maison-Joann\u00e8s_Montmery-28-300x169.jpg\" alt=\"\" width=\"300\" height=\"169\" srcset=\"https:\/\/www.lacotedaime.com\/Syndicat-Initiative\/wp-content\/uploads\/2024\/08\/Maison-Joann\u00e8s_Montmery-28-300x169.jpg 300w, https:\/\/www.lacotedaime.com\/Syndicat-Initiative\/wp-content\/uploads\/2024\/08\/Maison-Joann\u00e8s_Montmery-28-1024x576.jpg 1024w, https:\/\/www.lacotedaime.com\/Syndicat-Initiative\/wp-content\/uploads\/2024\/08\/Maison-Joann\u00e8s_Montmery-28-768x432.jpg 768w, https:\/\/www.lacotedaime.com\/Syndicat-Initiative\/wp-content\/uploads\/2024\/08\/Maison-Joann\u00e8s_Montmery-28-1536x864.jpg 1536w, https:\/\/www.lacotedaime.com\/Syndicat-Initiative\/wp-content\/uploads\/2024\/08\/Maison-Joann\u00e8s_Montmery-28-2048x1152.jpg 2048w, https:\/\/www.lacotedaime.com\/Syndicat-Initiative\/wp-content\/uploads\/2024\/08\/Maison-Joann\u00e8s_Montmery-28-1200x675.jpg 1200w\" sizes=\"(max-width: 300px) 100vw, 300px\" \/><\/a> \u00a0 \u00a0 <a href=\"https:\/\/www.lacotedaime.com\/Syndicat-Initiative\/wp-content\/uploads\/2024\/08\/20240801_161331-scaled.jpg\"><img decoding=\"async\" class=\"wp-image-5228 size-medium alignright\" src=\"https:\/\/www.lacotedaime.com\/Syndicat-Initiative\/wp-content\/uploads\/2024\/08\/20240801_161331-300x169.jpg\" alt=\"\" width=\"300\" height=\"169\" srcset=\"https:\/\/www.lacotedaime.com\/Syndicat-Initiative\/wp-content\/uploads\/2024\/08\/20240801_161331-300x169.jpg 300w, https:\/\/www.lacotedaime.com\/Syndicat-Initiative\/wp-content\/uploads\/2024\/08\/20240801_161331-1024x576.jpg 1024w, https:\/\/www.lacotedaime.com\/Syndicat-Initiative\/wp-content\/uploads\/2024\/08\/20240801_161331-768x432.jpg 768w, https:\/\/www.lacotedaime.com\/Syndicat-Initiative\/wp-content\/uploads\/2024\/08\/20240801_161331-1536x864.jpg 1536w, https:\/\/www.lacotedaime.com\/Syndicat-Initiative\/wp-content\/uploads\/2024\/08\/20240801_161331-2048x1152.jpg 2048w, https:\/\/www.lacotedaime.com\/Syndicat-Initiative\/wp-content\/uploads\/2024\/08\/20240801_161331-1200x675.jpg 1200w\" sizes=\"(max-width: 300px) 100vw, 300px\" \/><\/a> \u00a0 \u00a0 \u00a0<a href=\"https:\/\/www.lacotedaime.com\/Syndicat-Initiative\/wp-content\/uploads\/2024\/08\/20240815_122544-scaled.jpg\">\u00a0<\/a><\/p>\n<table style=\"border-collapse: collapse; width: 100%;\">\n<tbody>\n<tr>\n<td style=\"width: 21.1333%;\"><\/td>\n<td style=\"width: 57.7333%;\"><\/td>\n<td style=\"width: 21.1333%;\"><\/td>\n<\/tr>\n<\/tbody>\n<\/table>\n<p><a href=\"https:\/\/www.lacotedaime.com\/Syndicat-Initiative\/wp-content\/uploads\/2024\/07\/SI-Montmery-1-scaled.jpg\">\u00a0 <\/a><a href=\"https:\/\/www.lacotedaime.com\/Syndicat-Initiative\/wp-content\/uploads\/2024\/07\/SI-Montmery-4-scaled.jpg\"> \u00a0<\/a><a href=\"https:\/\/www.lacotedaime.com\/Syndicat-Initiative\/wp-content\/uploads\/2024\/07\/SI-Montmery-4-scaled.jpg\">\u00a0\u00a0<\/a><\/p>\n","protected":false},"excerpt":{"rendered":"<p>La Plagne Tarentaise Ouverture du Syndicat d&rsquo;initiative \u00e0 La C\u00f4te d&rsquo;Aime (Chef lieu) Les lundis de 10h \u00e0 12h Les jeudis de 11 \u00e0 13h Les vendredis de 15h \u00e0&hellip; <\/p>\n","protected":false},"author":1,"featured_media":0,"parent":0,"menu_order":0,"comment_status":"closed","ping_status":"closed","template":"","meta":{"footnotes":"","_links_to":"","_links_to_target":""},"class_list":["post-7","page","type-page","status-publish","hentry"],"_links":{"self":[{"href":"https:\/\/www.lacotedaime.com\/Syndicat-Initiative\/wp-json\/wp\/v2\/pages\/7","targetHints":{"allow":["GET"]}}],"collection":[{"href":"https:\/\/www.lacotedaime.com\/Syndicat-Initiative\/wp-json\/wp\/v2\/pages"}],"about":[{"href":"https:\/\/www.lacotedaime.com\/Syndicat-Initiative\/wp-json\/wp\/v2\/types\/page"}],"author":[{"embeddable":true,"href":"https:\/\/www.lacotedaime.com\/Syndicat-Initiative\/wp-json\/wp\/v2\/users\/1"}],"replies":[{"embeddable":true,"href":"https:\/\/www.lacotedaime.com\/Syndicat-Initiative\/wp-json\/wp\/v2\/comments?post=7"}],"version-history":[{"count":105,"href":"https:\/\/www.lacotedaime.com\/Syndicat-Initiative\/wp-json\/wp\/v2\/pages\/7\/revisions"}],"predecessor-version":[{"id":5680,"href":"https:\/\/www.lacotedaime.com\/Syndicat-Initiative\/wp-json\/wp\/v2\/pages\/7\/revisions\/5680"}],"wp:attachment":[{"href":"https:\/\/www.lacotedaime.com\/Syndicat-Initiative\/wp-json\/wp\/v2\/media?parent=7"}],"curies":[{"name":"wp","href":"https:\/\/api.w.org\/{rel}","templated":true}]}}