{"id":399,"date":"2013-03-21T10:56:57","date_gmt":"2013-03-21T09:56:57","guid":{"rendered":"http:\/\/www.lacotedaime.com\/Syndicat-Initiative\/?page_id=399"},"modified":"2025-03-10T17:39:01","modified_gmt":"2025-03-10T16:39:01","slug":"chambres-dhotes","status":"publish","type":"page","link":"https:\/\/www.lacotedaime.com\/Syndicat-Initiative\/hebergements\/chambres-dhotes\/","title":{"rendered":"Chambres d\u2019h\u00f4tes et Auberges"},"content":{"rendered":"<table style=\"width: 97.5014%; height: 1442px;\">\n<tbody>\n<tr style=\"height: 314px;\">\n<td style=\"text-align: left; vertical-align: middle; height: 247px; width: 62.699%;\">\n<p><span style=\"text-decoration: underline; color: #ff0000;\">Auberge de Cassiel :\u00a0<\/span>Des restaurateurs passionn\u00e9s par leur m\u00e9tier!<\/p>\n<hr \/>\n<p>Marine et Joffrey reprennent l\u2019Auberge de Cassiel en d\u00e9cembre 2021.<br \/>\nL\u2019une en cuisine et l\u2019autre au service, ils forment un excellent duo pour offrir \u00e0 leurs convives un accueil chaleureux et une cuisine cr\u00e9ative \u00e9labor\u00e9e \u00e0 partir de produits frais et de saison.<\/p>\n<p>Venez d\u00e9gustez dans un cadre montagnard et \u00e9l\u00e9gant des plats originaux mais aussi des suggestions plus rustiques comme la t\u00eate de veau et sa sauce ravigote, ou encore des sp\u00e9cialit\u00e9s savoyardes pr\u00e9par\u00e9es avec du fromage local.<\/p>\n<p>&nbsp;<\/p>\n<p>Marine et Joffrey ont le plaisir de vous accueillir en chambre de charme et au restaurant au c\u0153ur des montagnes de Savoie dans le village de la C\u00f4te d\u2019Aime, encore empreint de tradition et d\u2019authenticit\u00e9.<\/p>\n<p>\nLe restaurant est ouvert du mardi au samedi, midi et soir, et le dimanche midi.<\/p>\n<p>\nContact : 04 79 09 24 83<\/p>\n<p>aubergedecassiel73@gmail.com<\/p>\n<p>\u00a0<a href=\"https:\/\/www.aubergedecassiel.fr\/\">https:\/\/www.aubergedecassiel.fr\/<\/a><\/p>\n<p>Adresse : 284 Rue du Villard, 73210 La Plagne-Tarentaise<\/p>\n<\/td>\n<td style=\"height: 247px; width: 63.6718%;\">\n<p><img decoding=\"async\" class=\"aligncenter\" src=\"https:\/\/www.lacotedaime.com\/Syndicat-Initiative\/wp-content\/uploads\/2013\/03\/cassiel.jpg\" alt=\"cassiel\" width=\"366\" height=\"243\" \/><\/p>\n<p><a href=\"https:\/\/www.lacotedaime.com\/Syndicat-Initiative\/wp-content\/uploads\/2025\/03\/restaurant_cassiel-1.jpg\"><img decoding=\"async\" class=\"alignright size-medium wp-image-5443\" src=\"https:\/\/www.lacotedaime.com\/Syndicat-Initiative\/wp-content\/uploads\/2025\/03\/restaurant_cassiel-1-300x200.jpg\" alt=\"\" width=\"300\" height=\"200\" srcset=\"https:\/\/www.lacotedaime.com\/Syndicat-Initiative\/wp-content\/uploads\/2025\/03\/restaurant_cassiel-1-300x200.jpg 300w, https:\/\/www.lacotedaime.com\/Syndicat-Initiative\/wp-content\/uploads\/2025\/03\/restaurant_cassiel-1-1024x683.jpg 1024w, https:\/\/www.lacotedaime.com\/Syndicat-Initiative\/wp-content\/uploads\/2025\/03\/restaurant_cassiel-1-768x512.jpg 768w, https:\/\/www.lacotedaime.com\/Syndicat-Initiative\/wp-content\/uploads\/2025\/03\/restaurant_cassiel-1-1536x1024.jpg 1536w, https:\/\/www.lacotedaime.com\/Syndicat-Initiative\/wp-content\/uploads\/2025\/03\/restaurant_cassiel-1-1200x800.jpg 1200w, https:\/\/www.lacotedaime.com\/Syndicat-Initiative\/wp-content\/uploads\/2025\/03\/restaurant_cassiel-1.jpg 1620w\" sizes=\"(max-width: 300px) 100vw, 300px\" \/><\/a><a href=\"https:\/\/www.lacotedaime.com\/Syndicat-Initiative\/wp-content\/uploads\/2025\/03\/restaurant_cassiel-4.jpg\"><img decoding=\"async\" class=\"alignright size-medium wp-image-5444\" src=\"https:\/\/www.lacotedaime.com\/Syndicat-Initiative\/wp-content\/uploads\/2025\/03\/restaurant_cassiel-4-300x200.jpg\" alt=\"\" width=\"300\" height=\"200\" srcset=\"https:\/\/www.lacotedaime.com\/Syndicat-Initiative\/wp-content\/uploads\/2025\/03\/restaurant_cassiel-4-300x200.jpg 300w, https:\/\/www.lacotedaime.com\/Syndicat-Initiative\/wp-content\/uploads\/2025\/03\/restaurant_cassiel-4-1024x683.jpg 1024w, https:\/\/www.lacotedaime.com\/Syndicat-Initiative\/wp-content\/uploads\/2025\/03\/restaurant_cassiel-4-768x512.jpg 768w, https:\/\/www.lacotedaime.com\/Syndicat-Initiative\/wp-content\/uploads\/2025\/03\/restaurant_cassiel-4-1536x1024.jpg 1536w, https:\/\/www.lacotedaime.com\/Syndicat-Initiative\/wp-content\/uploads\/2025\/03\/restaurant_cassiel-4-1200x800.jpg 1200w, https:\/\/www.lacotedaime.com\/Syndicat-Initiative\/wp-content\/uploads\/2025\/03\/restaurant_cassiel-4.jpg 1620w\" sizes=\"(max-width: 300px) 100vw, 300px\" \/><\/a> <a href=\"https:\/\/www.lacotedaime.com\/Syndicat-Initiative\/wp-content\/uploads\/2025\/03\/restaurant_cassiel-12.jpg\"><img decoding=\"async\" class=\"alignright size-medium wp-image-5445\" src=\"https:\/\/www.lacotedaime.com\/Syndicat-Initiative\/wp-content\/uploads\/2025\/03\/restaurant_cassiel-12-300x200.jpg\" alt=\"\" width=\"300\" height=\"200\" srcset=\"https:\/\/www.lacotedaime.com\/Syndicat-Initiative\/wp-content\/uploads\/2025\/03\/restaurant_cassiel-12-300x200.jpg 300w, https:\/\/www.lacotedaime.com\/Syndicat-Initiative\/wp-content\/uploads\/2025\/03\/restaurant_cassiel-12-1024x683.jpg 1024w, https:\/\/www.lacotedaime.com\/Syndicat-Initiative\/wp-content\/uploads\/2025\/03\/restaurant_cassiel-12-768x512.jpg 768w, https:\/\/www.lacotedaime.com\/Syndicat-Initiative\/wp-content\/uploads\/2025\/03\/restaurant_cassiel-12-1536x1024.jpg 1536w, https:\/\/www.lacotedaime.com\/Syndicat-Initiative\/wp-content\/uploads\/2025\/03\/restaurant_cassiel-12-1200x800.jpg 1200w, https:\/\/www.lacotedaime.com\/Syndicat-Initiative\/wp-content\/uploads\/2025\/03\/restaurant_cassiel-12.jpg 1620w\" sizes=\"(max-width: 300px) 100vw, 300px\" \/><\/a><\/p>\n<\/td>\n<\/tr>\n<tr style=\"height: 290px;\">\n<td style=\"text-align: left; vertical-align: middle; height: 290px; width: 62.699%;\">\n<p><span style=\"text-decoration: underline; color: #ff0000;\">Chalet le Paradou<\/span><\/p>\n<hr \/>\n<p>Entre Vanoise et Beaufortain sur le Versant du Soleil, au c\u0153ur de la Savoie en Vall\u00e9e de Tarentaise, face aux stations de ski de la Plagne et les Arcs sur le domaine Paradiski,<\/p>\n<p>B\u00e9atrice et Franck vous accueillent<br \/>\nen toute convivialit\u00e9 dans leur Chalet d\u2019H\u00f4tes.<\/p>\n<p><span style=\"color: #000000;\">5 chambres et table d&rsquo;h\u00f4tes<\/span><\/p>\n<p><span style=\"color: #000000;\">B\u00e9atrice et Franck JEANNE<\/span><br \/>\n<span style=\"color: #000000;\">Pr\u00e9 B\u00e9rard<\/span><br \/>\n<span style=\"color: #000000;\">T\u00e9l : +33 (0)4 79 55 67 79<\/span><\/p>\n<p>\n<span style=\"color: #000000;\"><a style=\"color: #000000;\" title=\"contact@chaletleparadou.com\" href=\"mailto:contact@chaletleparadou.com\" target=\"_blank\" rel=\"noopener noreferrer\">contact@chaletleparadou.com<\/a><\/span><\/p>\n<p><span style=\"color: #000000;\"><a style=\"color: #000000;\" title=\"Chalet le Paradou\" href=\"http:\/\/www.chaletleparadou.com\/\" target=\"_blank\" rel=\"noopener noreferrer\">www.chaletleparadou.com<\/a><\/span><\/p>\n<p>&nbsp;<\/p>\n<\/td>\n<td style=\"height: 290px; width: 63.6718%;\"><a href=\"https:\/\/www.lacotedaime.com\/Syndicat-Initiative\/wp-content\/uploads\/2024\/11\/chalet-caractere-vue-montagne.jpg\"><img decoding=\"async\" class=\"alignright wp-image-5413 size-medium\" src=\"https:\/\/www.lacotedaime.com\/Syndicat-Initiative\/wp-content\/uploads\/2024\/11\/chalet-caractere-vue-montagne-300x225.jpg\" alt=\"\" width=\"300\" height=\"225\" srcset=\"https:\/\/www.lacotedaime.com\/Syndicat-Initiative\/wp-content\/uploads\/2024\/11\/chalet-caractere-vue-montagne-300x225.jpg 300w, https:\/\/www.lacotedaime.com\/Syndicat-Initiative\/wp-content\/uploads\/2024\/11\/chalet-caractere-vue-montagne-1024x768.jpg 1024w, https:\/\/www.lacotedaime.com\/Syndicat-Initiative\/wp-content\/uploads\/2024\/11\/chalet-caractere-vue-montagne-768x576.jpg 768w, https:\/\/www.lacotedaime.com\/Syndicat-Initiative\/wp-content\/uploads\/2024\/11\/chalet-caractere-vue-montagne.jpg 1200w\" sizes=\"(max-width: 300px) 100vw, 300px\" \/><\/a><\/td>\n<\/tr>\n<tr style=\"height: 316px;\">\n<td style=\"text-align: left; vertical-align: middle; height: 316px; width: 62.699%;\">\n<p><span style=\"text-decoration: underline; color: #ff0000;\">Chalet \u00ab\u00a0M\u00a0\u00bb<\/span><\/p>\n<hr \/>\n<p><span style=\"color: #000000;\">Un chalet exceptionnel de 17 couchages de tr\u00e8s grand confort avec\u00a0<strong>piscine int\u00e9rieure chauff\u00e9e<\/strong>,\u00a0<strong>jacuzzi<\/strong>,\u00a0<strong>sauna<\/strong>, disponible \u00e0 la location, en hiver comme en \u00e9t\u00e9, \u00e0 la semaine ou pour un week-end, pour des\u00a0<strong>vacances uniques<\/strong>, en famille, entre amis,\u00a0ou pour un s\u00e9minaire au\u00a0calme\u00a0dans un\u00a0<strong>hameau de montagne<\/strong>\u00a0pr\u00e9serv\u00e9.\u00a0<\/p>\n<p><\/span><\/p>\n<div class=\"\">Nous louons le chalet M dans son int\u00e9gralit\u00e9, pour un minimum de 2 nuits.<\/div>\n<div class=\"\">Le chalet M n\u2019est pas appropri\u00e9 pour les soir\u00e9es bruyantes festive.<\/div>\n<p><span style=\"color: #000000;\">Didier DELU<\/span><br \/>\n<span style=\"color: #000000;\">La Grande Bergerie<\/span><\/p>\n<p><span style=\"color: #000000;\">T\u00e9l : 06 80 14 22 48<\/span><\/p>\n<p><span style=\"color: #000000;\"><a style=\"color: #000000;\" title=\"Chalet &quot;M&quot;\" href=\"http:\/\/www.chalet-m.fr\/\" target=\"_blank\" rel=\"noopener noreferrer\">www.chalet-m.fr<\/a><\/span><\/p>\n<\/td>\n<td style=\"height: 316px; width: 63.6718%;\"><a href=\"https:\/\/www.lacotedaime.com\/Syndicat-Initiative\/wp-content\/uploads\/2024\/11\/chalet-M.jpg\"><img decoding=\"async\" class=\"alignright size-medium wp-image-5412\" src=\"https:\/\/www.lacotedaime.com\/Syndicat-Initiative\/wp-content\/uploads\/2024\/11\/chalet-M-300x300.jpg\" alt=\"\" width=\"300\" height=\"300\" srcset=\"https:\/\/www.lacotedaime.com\/Syndicat-Initiative\/wp-content\/uploads\/2024\/11\/chalet-M-300x300.jpg 300w, https:\/\/www.lacotedaime.com\/Syndicat-Initiative\/wp-content\/uploads\/2024\/11\/chalet-M-150x150.jpg 150w, https:\/\/www.lacotedaime.com\/Syndicat-Initiative\/wp-content\/uploads\/2024\/11\/chalet-M.jpg 719w\" sizes=\"(max-width: 300px) 100vw, 300px\" \/><\/a><\/td>\n<\/tr>\n<tr style=\"height: 287px;\">\n<td style=\"text-align: left; vertical-align: middle; height: 287px; width: 62.699%;\">\n<p><span style=\"text-decoration: underline; color: #ff0000;\">Les Marm&rsquo;h\u00f4tes<\/span><\/p>\n<hr \/>\n<p>Situ\u00e9 au rez-de-jardin d&rsquo;un magnifique chalet, l&rsquo;appartement fraichement r\u00e9nov\u00e9 est id\u00e9al pour un couple, \u00e9ventuellement accompagn\u00e9 d&rsquo;un enfant. Vous profiterez d&rsquo;une vue incroyable sur la vall\u00e9e de la Tarentaise.<\/p>\n<p><span style=\"color: #000000;\">C\u00e9line et Alo\u00efs GODARD<\/span><br \/>\n<span style=\"color: #000000;\">La Petite Bergerie-La C\u00f4te d&rsquo;Aime<\/span><\/p>\n<p>73210 La Plagne Tarentaise<\/p>\n<p><span style=\"color: #000000;\">T\u00e9l : +33 (0)4 79 07 59 55<\/span><\/p>\n<p>Mob: +33 (0)6 99 08 94 84<\/p>\n<p><span style=\"color: #000000;\"><a style=\"color: #000000;\" title=\"contact@lesmarmhotes.com\" href=\"mailto:contact@lesmarmhotes.com\" target=\"_blank\" rel=\"noopener noreferrer\">contact@lesmarmhotes.com<\/a><\/span><\/p>\n<p><span style=\"color: #000000;\"><a style=\"color: #000000;\" title=\"Les Marm'h\u00f4tes\" href=\"http:\/\/www.lesmarmhotes.com\/\" target=\"_blank\" rel=\"noopener noreferrer\">www.lesmarmhotes.com<\/a><\/span><\/p>\n<\/td>\n<td style=\"height: 287px; width: 63.6718%;\">\n<p><a style=\"color: #ff0000;\" href=\"https:\/\/static.wixstatic.com\/media\/93d1d6_9677d645b42743228eb9cb0d66031102.jpg\"><img decoding=\"async\" class=\"\" src=\"https:\/\/static.wixstatic.com\/media\/93d1d6_9677d645b42743228eb9cb0d66031102.jpg\" alt=\"les marmhotes, chambres d'hotes, table d'hotes, la cote d'aime\" width=\"367\" height=\"265\" \/><\/a><\/p>\n<\/td>\n<\/tr>\n<tr style=\"height: 397px;\">\n<td style=\"text-align: left; vertical-align: middle; height: 302px; width: 62.699%;\">\n<p><span style=\"text-decoration: underline; color: #ff0000;\">Les Carlines<\/span><\/p>\n<hr \/>\n<p>Au chalet \u00ab Les Carlines \u00bb Marguerite et Antoine vous proposent des chambres chez et avec l\u2019habitant. Le chalet est situ\u00e9 sur le Versant du Soleil en face de La Plagne en Haute Tarentaise.<\/p>\n<p>5 chambres et table d&rsquo;h\u00f4tes<\/p>\n<p>Marguerite et Antoine FOESSEL<br \/>\nPr\u00e9 B\u00e9rard &#8211; La C\u00f4te d&rsquo;Aime<br \/>\n73210 La Plagne Tarentaise<\/p>\n<p>T\u00e9l :+33 4 79 555 207<br \/>\n\u00a0 \u00a0 \u00a0 +33 6 14 177 517<\/p>\n<p><a title=\"Les Carlines\" href=\"https:\/\/lescarlines.net\/\" target=\"_blank\" rel=\"noopener noreferrer\">lescarlines.net<\/a><\/p>\n<p>&nbsp;<\/p>\n<\/td>\n<td style=\"height: 302px; width: 63.6718%;\">\n<p><a href=\"https:\/\/i2.wp.com\/lescarlines.files.wordpress.com\/2014\/08\/le_chalet_ete1.jpg?w=1000&amp;h=&amp;crop&amp;ssl=1\"><img decoding=\"async\" class=\"\" src=\"https:\/\/i2.wp.com\/lescarlines.files.wordpress.com\/2014\/08\/le_chalet_ete1.jpg?w=1000&amp;h=&amp;crop&amp;ssl=1\" alt=\"les carlines, chambres d'hotes, table d'hotes, la cote d'aime\" width=\"367\" height=\"275\" \/><\/a><\/p>\n<\/td>\n<\/tr>\n<\/tbody>\n<\/table>\n<table style=\"width: 97.4108%;\">\n<tbody>\n<tr style=\"height: 397px;\">\n<td style=\"text-align: left; vertical-align: middle; height: 302px; width: 61.8796%;\">\n<p><span style=\"text-decoration: underline; color: #ff0000;\">Auberge Le Valezan<\/span><\/p>\n<hr \/>\n<p>\u00a0\u00a0<\/p>\n<p>Le Valezan vous accueille en toute simplicit\u00e9 pour un moment de convivialit\u00e9 et de douceurs au c\u0153ur des montagnes savoyardes. Avec ses chambres privatives, ses deux g\u00eetes d&rsquo;\u00e9tapes et son espace bar\/restaurant vous vous y sentirez comme \u00e0 la maison. C&rsquo;est l&rsquo;endroit id\u00e9al pour une nuit en parcourant le GR5, un repas ou un go\u00fbter apr\u00e8s une balade en montagne ou une soir\u00e9e entre amis autour d&rsquo;un verre.<\/p>\n<p>\nHoraires d&rsquo;ouverture :<\/p>\n<p>Jours et horaires d&rsquo;ouvertures variables en fonction des saisons. <br \/>\nConsulter le site internet pour les connaitre<\/p>\n<p>\nContact : <\/p>\n<p>06 98 10 03 19<br \/>\naubergevalezan@gmail.com<\/p>\n<p><span style=\"color: #000000;\"><a href=\"https:\/\/www.auberge-valezan.com\/\">https:\/\/www.auberge-valezan.com\/<\/a><\/p>\n<p>\nAdresse : <br \/>\n16, All\u00e9e de l&rsquo;auberge<br \/>\n73210 Valezan &#8211; La Plagne Tarentaise<\/span><\/p>\n<\/td>\n<td style=\"height: 302px; width: 46.6906%;\">\n<p><img decoding=\"async\" class=\"alignright\" src=\"https:\/\/www.lacotedaime.com\/Syndicat-Initiative\/wp-content\/uploads\/2019\/10\/auberge-valezan.jpg\" width=\"358\" height=\"268\" \/><\/p>\n<p><a href=\"https:\/\/www.lacotedaime.com\/Syndicat-Initiative\/wp-content\/uploads\/2024\/09\/P5140274-scaled.jpg\"><span style=\"color: #000000;\"><a href=\"https:\/\/www.lacotedaime.com\/Syndicat-Initiative\/wp-content\/uploads\/2025\/03\/auberge-valezan-3.jpg\"><img decoding=\"async\" class=\"alignright size-medium wp-image-5446\" src=\"https:\/\/www.lacotedaime.com\/Syndicat-Initiative\/wp-content\/uploads\/2025\/03\/auberge-valezan-3-225x300.jpg\" alt=\"\" width=\"225\" height=\"300\" srcset=\"https:\/\/www.lacotedaime.com\/Syndicat-Initiative\/wp-content\/uploads\/2025\/03\/auberge-valezan-3-225x300.jpg 225w, https:\/\/www.lacotedaime.com\/Syndicat-Initiative\/wp-content\/uploads\/2025\/03\/auberge-valezan-3-768x1024.jpg 768w, https:\/\/www.lacotedaime.com\/Syndicat-Initiative\/wp-content\/uploads\/2025\/03\/auberge-valezan-3-1152x1536.jpg 1152w, https:\/\/www.lacotedaime.com\/Syndicat-Initiative\/wp-content\/uploads\/2025\/03\/auberge-valezan-3-1200x1600.jpg 1200w, https:\/\/www.lacotedaime.com\/Syndicat-Initiative\/wp-content\/uploads\/2025\/03\/auberge-valezan-3.jpg 1530w\" sizes=\"(max-width: 225px) 100vw, 225px\" \/><\/a> <a href=\"https:\/\/www.lacotedaime.com\/Syndicat-Initiative\/wp-content\/uploads\/2025\/03\/auberge-valezan-rotated.jpeg\"><img decoding=\"async\" class=\"alignright size-medium wp-image-5447\" src=\"https:\/\/www.lacotedaime.com\/Syndicat-Initiative\/wp-content\/uploads\/2025\/03\/auberge-valezan-225x300.jpeg\" alt=\"\" width=\"225\" height=\"300\" srcset=\"https:\/\/www.lacotedaime.com\/Syndicat-Initiative\/wp-content\/uploads\/2025\/03\/auberge-valezan-225x300.jpeg 225w, https:\/\/www.lacotedaime.com\/Syndicat-Initiative\/wp-content\/uploads\/2025\/03\/auberge-valezan-768x1024.jpeg 768w, https:\/\/www.lacotedaime.com\/Syndicat-Initiative\/wp-content\/uploads\/2025\/03\/auberge-valezan-1152x1536.jpeg 1152w, https:\/\/www.lacotedaime.com\/Syndicat-Initiative\/wp-content\/uploads\/2025\/03\/auberge-valezan-1200x1600.jpeg 1200w, https:\/\/www.lacotedaime.com\/Syndicat-Initiative\/wp-content\/uploads\/2025\/03\/auberge-valezan-rotated.jpeg 1512w\" sizes=\"(max-width: 225px) 100vw, 225px\" \/><\/a><img decoding=\"async\" class=\" wp-image-5290\" src=\"https:\/\/www.lacotedaime.com\/Syndicat-Initiative\/wp-content\/uploads\/2024\/09\/P5140274-300x225.jpg\" alt=\"\" width=\"363\" height=\"272\" srcset=\"https:\/\/www.lacotedaime.com\/Syndicat-Initiative\/wp-content\/uploads\/2024\/09\/P5140274-300x225.jpg 300w, https:\/\/www.lacotedaime.com\/Syndicat-Initiative\/wp-content\/uploads\/2024\/09\/P5140274-1024x768.jpg 1024w, https:\/\/www.lacotedaime.com\/Syndicat-Initiative\/wp-content\/uploads\/2024\/09\/P5140274-768x576.jpg 768w, https:\/\/www.lacotedaime.com\/Syndicat-Initiative\/wp-content\/uploads\/2024\/09\/P5140274-1536x1152.jpg 1536w, https:\/\/www.lacotedaime.com\/Syndicat-Initiative\/wp-content\/uploads\/2024\/09\/P5140274-2048x1536.jpg 2048w, https:\/\/www.lacotedaime.com\/Syndicat-Initiative\/wp-content\/uploads\/2024\/09\/P5140274-1200x900.jpg 1200w\" sizes=\"(max-width: 363px) 100vw, 363px\" \/><\/span><\/a><\/p>\n<\/td>\n<\/tr>\n<\/tbody>\n<\/table>\n","protected":false},"excerpt":{"rendered":"<p>Auberge de Cassiel :\u00a0Des restaurateurs passionn\u00e9s par leur m\u00e9tier! Marine et Joffrey reprennent l\u2019Auberge de Cassiel en d\u00e9cembre 2021. L\u2019une en cuisine et l\u2019autre au service, ils forment un excellent&hellip; <\/p>\n","protected":false},"author":1,"featured_media":0,"parent":395,"menu_order":0,"comment_status":"closed","ping_status":"closed","template":"","meta":{"footnotes":"","_links_to":"","_links_to_target":""},"class_list":["post-399","page","type-page","status-publish","hentry"],"_links":{"self":[{"href":"https:\/\/www.lacotedaime.com\/Syndicat-Initiative\/wp-json\/wp\/v2\/pages\/399","targetHints":{"allow":["GET"]}}],"collection":[{"href":"https:\/\/www.lacotedaime.com\/Syndicat-Initiative\/wp-json\/wp\/v2\/pages"}],"about":[{"href":"https:\/\/www.lacotedaime.com\/Syndicat-Initiative\/wp-json\/wp\/v2\/types\/page"}],"author":[{"embeddable":true,"href":"https:\/\/www.lacotedaime.com\/Syndicat-Initiative\/wp-json\/wp\/v2\/users\/1"}],"replies":[{"embeddable":true,"href":"https:\/\/www.lacotedaime.com\/Syndicat-Initiative\/wp-json\/wp\/v2\/comments?post=399"}],"version-history":[{"count":53,"href":"https:\/\/www.lacotedaime.com\/Syndicat-Initiative\/wp-json\/wp\/v2\/pages\/399\/revisions"}],"predecessor-version":[{"id":2421,"href":"https:\/\/www.lacotedaime.com\/Syndicat-Initiative\/wp-json\/wp\/v2\/pages\/399\/revisions\/2421"}],"up":[{"embeddable":true,"href":"https:\/\/www.lacotedaime.com\/Syndicat-Initiative\/wp-json\/wp\/v2\/pages\/395"}],"wp:attachment":[{"href":"https:\/\/www.lacotedaime.com\/Syndicat-Initiative\/wp-json\/wp\/v2\/media?parent=399"}],"curies":[{"name":"wp","href":"https:\/\/api.w.org\/{rel}","templated":true}]}}