{"id":294,"date":"2013-03-20T17:36:48","date_gmt":"2013-03-20T16:36:48","guid":{"rendered":"http:\/\/www.lacotedaime.com\/Syndicat-Initiative\/?page_id=294"},"modified":"2024-07-05T14:08:40","modified_gmt":"2024-07-05T13:08:40","slug":"hameaux-chapelles-oratoires","status":"publish","type":"page","link":"https:\/\/www.lacotedaime.com\/Syndicat-Initiative\/patrimoine\/hameaux-chapelles-oratoires\/","title":{"rendered":"Hameaux, Chapelles, Oratoires"},"content":{"rendered":"<p>La C\u00f4te d&rsquo;Aime<\/p>\n<hr size=\"1\" \/>\n<table style=\"width: 100%;\" border=\"0\" cellspacing=\"1\" cellpadding=\"2\">\n<tbody>\n<tr>\n<td><a title=\"a) -Plan de Situation\" href=\"https:\/\/www.lacotedaime.com\/Syndicat-Initiative\/decouvrir\/hameaux-chapelles-oratoires\/a-plan-de-situation\/\">a) -Plan de Situation<\/a>\u00a0<\/td>\n<\/tr>\n<tr>\n<td>Plan de Situation des Hameaux, Chapelles, Oratoires<\/td>\n<\/tr>\n<\/tbody>\n<\/table>\n<table style=\"width: 100%;\" border=\"0\" cellspacing=\"1\" cellpadding=\"2\">\n<tbody>\n<tr>\n<td><a title=\"b) -Avant Propos\" href=\"https:\/\/www.lacotedaime.com\/Syndicat-Initiative\/decouvrir\/hameaux-chapelles-oratoires\/b-avant-propos\/\">b) -Avant Propos<\/a><\/td>\n<\/tr>\n<tr>\n<td>Ce document a \u00e9t\u00e9 con\u00e7u pour faire mieux conna\u00eetre et aimer La C\u00f4te d\u2019Aime, avec l\u2019histoire de ses nombreux hameaux et en particulier son patrimoine religieux.<\/td>\n<\/tr>\n<\/tbody>\n<\/table>\n<table style=\"width: 100%;\" border=\"0\" cellspacing=\"1\" cellpadding=\"2\">\n<tbody>\n<tr>\n<td><a title=\"c) -Pierrolaz\" href=\"https:\/\/www.lacotedaime.com\/Syndicat-Initiative\/decouvrir\/hameaux-chapelles-oratoires\/c-pierrolaz\/\">c) -Pierrolaz<\/a>\u00a0<\/td>\n<\/tr>\n<tr>\n<td>nom dont l\u2019origine peut \u00eatre la d\u00e9formation de Pra-Rolandi, le Pr\u00e9, la prairie de Roland a \u00e9t\u00e9 choisi comme cheflieu pour sa situation g\u00e9ographique, au centre de La C\u00f4te d\u2019Aime.<\/td>\n<\/tr>\n<\/tbody>\n<\/table>\n<table style=\"width: 100%;\" border=\"0\" cellspacing=\"1\" cellpadding=\"2\">\n<tbody>\n<tr>\n<td><a title=\"d) -La Chapelle de Notre Dame de Piti\u00e9 (Pierrolaz)\" href=\"https:\/\/www.lacotedaime.com\/Syndicat-Initiative\/decouvrir\/hameaux-chapelles-oratoires\/d-la-chapelle-de-notre-dame-de-pitie-pierrolaz\/\">d) -La Chapelle de Notre Dame de Piti\u00e9 (Pierrolaz)<\/a>\u00a0<\/td>\n<\/tr>\n<tr>\n<td>Cette chapelle date de 1821.<\/td>\n<\/tr>\n<\/tbody>\n<\/table>\n<table style=\"width: 100%;\" border=\"0\" cellspacing=\"1\" cellpadding=\"2\">\n<tbody>\n<tr>\n<td><a title=\"e) -L\u2019Eglise Saint Laurent (Pierrolaz)\" href=\"https:\/\/www.lacotedaime.com\/Syndicat-Initiative\/decouvrir\/hameaux-chapelles-oratoires\/e-leglise-saint-laurent-pierrolaz\/\">e) -L\u2019Eglise Saint Laurent (Pierrolaz)<\/a>\u00a0<\/td>\n<\/tr>\n<tr>\n<td>L\u2019\u00e9glise de la C\u00f4te d\u2019Aime fut construite entre 1702 et 1714.<\/td>\n<\/tr>\n<\/tbody>\n<\/table>\n<table style=\"width: 100%;\" border=\"0\" cellspacing=\"1\" cellpadding=\"2\">\n<tbody>\n<tr>\n<td><a title=\"f) -Le Villard\" href=\"https:\/\/www.lacotedaime.com\/Syndicat-Initiative\/decouvrir\/hameaux-chapelles-oratoires\/f-le-villard\/\">f) -Le Villard<\/a>\u00a0<\/td>\n<\/tr>\n<tr>\n<td>Comme tous les autres villages, le Villard poss\u00e9dait sa chapelle bien avant son rattachement \u00e0 la paroisse de La C\u00f4te d\u2019Aime.<\/td>\n<\/tr>\n<\/tbody>\n<\/table>\n<table style=\"width: 100%;\" border=\"0\" cellspacing=\"1\" cellpadding=\"2\">\n<tbody>\n<tr>\n<td><a title=\"g) -La chapelle du Villard\" href=\"https:\/\/www.lacotedaime.com\/Syndicat-Initiative\/decouvrir\/hameaux-chapelles-oratoires\/g-la-chapelle-du-villard\/\">g) -La chapelle du Villard<\/a>\u00a0<\/td>\n<\/tr>\n<tr>\n<td>D\u00e9di\u00e9e \u00e0 Saint Blaise et \u00e0 Sainte Anne, cette chapelle est tr\u00e8s ancienne. On ne conna\u00eet pas la date exacte de sa construction.<\/td>\n<\/tr>\n<\/tbody>\n<\/table>\n<table style=\"width: 100%;\" border=\"0\" cellspacing=\"1\" cellpadding=\"2\">\n<tbody>\n<tr>\n<td><a title=\"h) -Beguevey\" href=\"https:\/\/www.lacotedaime.com\/Syndicat-Initiative\/decouvrir\/hameaux-chapelles-oratoires\/h-beguevey\/\">h) -Beguevey<\/a>\u00a0<\/td>\n<\/tr>\n<tr>\n<td>Petit hameau situ\u00e9 \u00e0 mi-chemin entre le Villard et le chef-lieu, B\u00e9guevey comprenait jusque vers l\u2019ann\u00e9e 1965, trois maisons, et ce depuis des si\u00e8cles.<\/td>\n<\/tr>\n<\/tbody>\n<\/table>\n<table style=\"width: 100%;\" border=\"0\" cellspacing=\"1\" cellpadding=\"2\">\n<tbody>\n<tr>\n<td><a title=\"i) -L\u2019Oratoire St-Joseph (Beguevey)\" href=\"https:\/\/www.lacotedaime.com\/Syndicat-Initiative\/decouvrir\/hameaux-chapelles-oratoires\/i-loratoire-st-joseph-beguevey\/\">i) -L\u2019Oratoire St-Joseph (Beguevey)<\/a><\/td>\n<\/tr>\n<tr>\n<td>Situ\u00e9 en bordure de la route de Pierrolaz, il est de construction assez r\u00e9cente, vers 1930, et remplace un autre oratoire qui existait en contrebas.<\/td>\n<\/tr>\n<\/tbody>\n<\/table>\n<table style=\"width: 100%;\" border=\"0\" cellspacing=\"1\" cellpadding=\"2\">\n<tbody>\n<tr>\n<td><a title=\"j) -La Chapelle de La Sciaz\" href=\"https:\/\/www.lacotedaime.com\/Syndicat-Initiative\/decouvrir\/hameaux-chapelles-oratoires\/j-la-chapelle-de-la-sciaz\/\">j) -La Chapelle de La Sciaz<\/a>\u00a0<\/td>\n<\/tr>\n<tr>\n<td>Cette chapelle semble \u00eatre l\u2019une des plus anciennes de la C\u00f4te d\u2019Aime. L\u2019acte de fondation est dat\u00e9 du 8 juin 1510, sous les vocables de Saint Sylvestre et de Sainte Marguerite.<\/td>\n<\/tr>\n<\/tbody>\n<\/table>\n<p><!--nextpage--><\/p>\n<table style=\"width: 100%;\" border=\"0\" cellspacing=\"1\" cellpadding=\"2\">\n<tbody>\n<tr>\n<td><a title=\"k) -Pr\u00e9 Berard\" href=\"https:\/\/www.lacotedaime.com\/Syndicat-Initiative\/decouvrir\/hameaux-chapelles-oratoires\/k-pre-berard\/\">k) -Pr\u00e9 Berard<\/a>\u00a0<\/td>\n<\/tr>\n<tr>\n<td>Nom d\u2019origine germanique ou burgonde : Pra, pr\u00e9, prairie, p\u00e2turage\u2014 B\u00e9raldi, devenu par alt\u00e9ration du langage b\u00e9raldi, puis b\u00e9rardi, b\u00e9rard.<\/td>\n<\/tr>\n<\/tbody>\n<\/table>\n<table style=\"width: 100%;\" border=\"0\" cellspacing=\"1\" cellpadding=\"2\">\n<tbody>\n<tr>\n<td><a title=\"l) -Les Moulins\" href=\"https:\/\/www.lacotedaime.com\/Syndicat-Initiative\/decouvrir\/hameaux-chapelles-oratoires\/l-les-moulins\/\">l) -Les Moulins<\/a>\u00a0<\/td>\n<\/tr>\n<tr>\n<td>A l\u2019heure actuelle, une seule maison est encore habit\u00e9e en permanence aux Moulins ; les autres servent de r\u00e9sidences secondaires.<\/td>\n<\/tr>\n<\/tbody>\n<\/table>\n<table style=\"width: 100%;\" border=\"0\" cellspacing=\"1\" cellpadding=\"2\">\n<tbody>\n<tr>\n<td><a title=\"m) -La Chapelle de Sainte Barbe (Pr\u00e9 Girod)\" href=\"https:\/\/www.lacotedaime.com\/Syndicat-Initiative\/decouvrir\/hameaux-chapelles-oratoires\/m-la-chapelle-de-sainte-barbe-pre-girod\/\">m) -La Chapelle de Sainte Barbe (Pr\u00e9 Girod)<\/a>\u00a0<\/td>\n<\/tr>\n<tr>\n<td>D\u00e9di\u00e9e \u00e0 Sainte Barbe, cette chapelle a \u00e9t\u00e9 construite avant 1633, probablement en m\u00eame temps que la plupart des chapelles rurales, au cours des p\u00e9riodes malheureuses.<\/td>\n<\/tr>\n<\/tbody>\n<\/table>\n<table style=\"width: 100%;\" border=\"0\" cellspacing=\"1\" cellpadding=\"2\">\n<tbody>\n<tr>\n<td><a title=\"n) -Montm\u00e9ry\" href=\"https:\/\/www.lacotedaime.com\/Syndicat-Initiative\/decouvrir\/hameaux-chapelles-oratoires\/n-montmery\/\">n) -Montm\u00e9ry<\/a>\u00a0<\/td>\n<\/tr>\n<tr>\n<td>JADIS : Ce hameau a fait partie de la commune de Bellentre jusque dans les ann\u00e9es 1500.<\/td>\n<\/tr>\n<\/tbody>\n<\/table>\n<table style=\"width: 100%;\" border=\"0\" cellspacing=\"1\" cellpadding=\"2\">\n<tbody>\n<tr>\n<td><a title=\"o) -La Chapelle Saint Etienne (Montm\u00e9ry)\" href=\"https:\/\/www.lacotedaime.com\/Syndicat-Initiative\/decouvrir\/hameaux-chapelles-oratoires\/o-la-chapelle-saint-etienne-montmery\/\">o) -La Chapelle Saint Etienne (Montm\u00e9ry)<\/a>\u00a0<\/td>\n<\/tr>\n<tr>\n<td>La chapelle de Montm\u00e9ry d\u00e9di\u00e9e \u00e0 Saint Etienne est la plus spacieuse de la commune.<\/td>\n<\/tr>\n<\/tbody>\n<\/table>\n<table style=\"width: 100%;\" border=\"0\" cellspacing=\"1\" cellpadding=\"2\">\n<tbody>\n<tr>\n<td><a title=\"p) -La Chapelle Saint Jacques (Montm\u00e9ry)\" href=\"https:\/\/www.lacotedaime.com\/Syndicat-Initiative\/decouvrir\/hameaux-chapelles-oratoires\/p-la-chapelle-saint-jacques-montmery\/\">p) -La Chapelle Saint Jacques (Montm\u00e9ry)<\/a>\u00a0<\/td>\n<\/tr>\n<tr>\n<td>Cette chapelle existait en 1590, puisque d\u2019apr\u00e8s les archives, \u00e0 cette \u00e9poque, elle avait d\u00e9j\u00e0 besoin de r\u00e9parations.<\/td>\n<\/tr>\n<\/tbody>\n<\/table>\n<table style=\"width: 100%;\" border=\"0\" cellspacing=\"1\" cellpadding=\"2\">\n<tbody>\n<tr>\n<td><a title=\"q) -La Grande Bergerie\" href=\"https:\/\/www.lacotedaime.com\/Syndicat-Initiative\/decouvrir\/hameaux-chapelles-oratoires\/q-la-grande-bergerie\/\">q) -La Grande Bergerie<\/a>\u00a0<\/td>\n<\/tr>\n<tr>\n<td>La Bergerie, comme son nom l\u2019indique, devait h\u00e9berger les troupeaux des propri\u00e9taires terriens depuis des temps tr\u00e8s anciens (P\u00e9riode Burgonde).<\/td>\n<\/tr>\n<\/tbody>\n<\/table>\n<table style=\"width: 100%;\" border=\"0\" cellspacing=\"1\" cellpadding=\"2\">\n<tbody>\n<tr>\n<td><a title=\"r) -La Chapelle de La Grande Bergerie\" href=\"https:\/\/www.lacotedaime.com\/Syndicat-Initiative\/decouvrir\/hameaux-chapelles-oratoires\/r-la-chapelle-de-la-grande-bergerie\/\">r) -La Chapelle de La Grande Bergerie<\/a>\u00a0<\/td>\n<\/tr>\n<tr>\n<td>Cette chapelle, d\u00e9di\u00e9e \u00e0 Saint S\u00e9bastien a \u00e9t\u00e9 \u00e9rig\u00e9e vers 1630.<\/td>\n<\/tr>\n<\/tbody>\n<\/table>\n<table style=\"width: 100%;\" border=\"0\" cellspacing=\"1\" cellpadding=\"2\">\n<tbody>\n<tr>\n<td><a title=\"s) -La Petite Bergerie\" href=\"https:\/\/www.lacotedaime.com\/Syndicat-Initiative\/decouvrir\/hameaux-chapelles-oratoires\/s-la-petite-bergerie\/\">s) -La Petite Bergerie<\/a>\u00a0<\/td>\n<\/tr>\n<tr>\n<td>L\u2019Oratoire de La Petite Bergerie<\/td>\n<\/tr>\n<\/tbody>\n<\/table>\n<table style=\"width: 100%;\" border=\"0\" cellspacing=\"1\" cellpadding=\"2\">\n<tbody>\n<tr>\n<td><a title=\"t) \u2013 Foran\" href=\"https:\/\/www.lacotedaime.com\/Syndicat-Initiative\/decouvrir\/hameaux-chapelles-oratoires\/t-foran\/\">t) &#8211; Foran<\/a>\u00a0<\/td>\n<\/tr>\n<tr>\n<td>La Chapelle Saint Gu\u00e9rin<\/td>\n<\/tr>\n<\/tbody>\n<\/table>\n<table style=\"width: 100%;\" border=\"0\" cellspacing=\"1\" cellpadding=\"2\">\n<tbody>\n<tr>\n<td><a title=\"u) -Chambrier\" href=\"https:\/\/www.lacotedaime.com\/Syndicat-Initiative\/decouvrir\/hameaux-chapelles-oratoires\/u-chambrier\/\">u) -Chambrier<\/a>\u00a0<\/td>\n<\/tr>\n<tr>\n<td>La Chapelle Saint Barnab\u00e9<br \/>\nCette chapelle situ\u00e9e sur un \u00e9peron audessous de Rocheboc, domine toute la combe de Chambrier, Ch\u00e8zerie, les Mara\u00eeches et Pr\u00e9- Pinet\u2026<\/td>\n<\/tr>\n<\/tbody>\n<\/table>\n","protected":false},"excerpt":{"rendered":"<p>La C\u00f4te d&rsquo;Aime a) -Plan de Situation\u00a0 Plan de Situation des Hameaux, Chapelles, Oratoires b) -Avant Propos Ce document a \u00e9t\u00e9 con\u00e7u pour faire mieux conna\u00eetre et aimer La C\u00f4te&hellip; <\/p>\n","protected":false},"author":1,"featured_media":0,"parent":179,"menu_order":10,"comment_status":"closed","ping_status":"closed","template":"","meta":{"footnotes":"","_links_to":"","_links_to_target":""},"class_list":["post-294","page","type-page","status-publish","hentry"],"_links":{"self":[{"href":"https:\/\/www.lacotedaime.com\/Syndicat-Initiative\/wp-json\/wp\/v2\/pages\/294","targetHints":{"allow":["GET"]}}],"collection":[{"href":"https:\/\/www.lacotedaime.com\/Syndicat-Initiative\/wp-json\/wp\/v2\/pages"}],"about":[{"href":"https:\/\/www.lacotedaime.com\/Syndicat-Initiative\/wp-json\/wp\/v2\/types\/page"}],"author":[{"embeddable":true,"href":"https:\/\/www.lacotedaime.com\/Syndicat-Initiative\/wp-json\/wp\/v2\/users\/1"}],"replies":[{"embeddable":true,"href":"https:\/\/www.lacotedaime.com\/Syndicat-Initiative\/wp-json\/wp\/v2\/comments?post=294"}],"version-history":[{"count":10,"href":"https:\/\/www.lacotedaime.com\/Syndicat-Initiative\/wp-json\/wp\/v2\/pages\/294\/revisions"}],"predecessor-version":[{"id":5162,"href":"https:\/\/www.lacotedaime.com\/Syndicat-Initiative\/wp-json\/wp\/v2\/pages\/294\/revisions\/5162"}],"up":[{"embeddable":true,"href":"https:\/\/www.lacotedaime.com\/Syndicat-Initiative\/wp-json\/wp\/v2\/pages\/179"}],"wp:attachment":[{"href":"https:\/\/www.lacotedaime.com\/Syndicat-Initiative\/wp-json\/wp\/v2\/media?parent=294"}],"curies":[{"name":"wp","href":"https:\/\/api.w.org\/{rel}","templated":true}]}}