{"id":276,"date":"2013-03-20T17:25:36","date_gmt":"2013-03-20T16:25:36","guid":{"rendered":"http:\/\/www.lacotedaime.com\/Syndicat-Initiative\/?page_id=276"},"modified":"2025-06-20T15:11:52","modified_gmt":"2025-06-20T14:11:52","slug":"bibliotheque","status":"publish","type":"page","link":"https:\/\/www.lacotedaime.com\/Syndicat-Initiative\/associations\/bibliotheque\/","title":{"rendered":"Biblioth\u00e8que"},"content":{"rendered":"<h2 style=\"text-align: center;\"><span style=\"color: #3366ff;\">\u00a0BIBLIOTHEQUE MUNICIPALE DE LA C\u00d4TE D&rsquo;AIME<\/span><br \/>\n<span style=\"color: #3366ff;\">\u00a0 \u00a0Commune de La Plagne Tarentaise<\/span><\/h2>\n<h2 style=\"text-align: center;\"><span style=\"color: #00ff00;\">HORAIRES D&rsquo;OUVERTURE<\/span><\/h2>\n<h2 style=\"text-align: center;\"><span style=\"color: #00ff00;\">\u00a0 \u00a0 \u00a0Mercredi de 10h \u00e0 12h et de 15h \u00e0 17h30<\/span><\/h2>\n<h2 style=\"text-align: center;\"><span style=\"color: #00ff00;\">Samedi de 10h \u00e0 12h<\/span><\/h2>\n<p style=\"text-align: center;\"><img decoding=\"async\" class=\" wp-image-2573 aligncenter\" src=\"https:\/\/www.lacotedaime.com\/Syndicat-Initiative\/wp-content\/uploads\/2013\/03\/Capture.jpg\" alt=\"\" width=\"675\" height=\"145\" srcset=\"https:\/\/www.lacotedaime.com\/Syndicat-Initiative\/wp-content\/uploads\/2013\/03\/Capture.jpg 1030w, https:\/\/www.lacotedaime.com\/Syndicat-Initiative\/wp-content\/uploads\/2013\/03\/Capture-300x64.jpg 300w, https:\/\/www.lacotedaime.com\/Syndicat-Initiative\/wp-content\/uploads\/2013\/03\/Capture-768x165.jpg 768w, https:\/\/www.lacotedaime.com\/Syndicat-Initiative\/wp-content\/uploads\/2013\/03\/Capture-1024x220.jpg 1024w\" sizes=\"(max-width: 675px) 100vw, 675px\" \/><\/p>\n<h2 style=\"text-align: center;\">\u00a0<\/h2>\n<p style=\"text-align: center;\"><img decoding=\"async\" class=\"alignnone wp-image-2773\" src=\"https:\/\/www.lacotedaime.com\/Syndicat-Initiative\/wp-content\/uploads\/2013\/03\/2.png\" alt=\"\" width=\"254\" height=\"169\" srcset=\"https:\/\/www.lacotedaime.com\/Syndicat-Initiative\/wp-content\/uploads\/2013\/03\/2.png 487w, https:\/\/www.lacotedaime.com\/Syndicat-Initiative\/wp-content\/uploads\/2013\/03\/2-300x200.png 300w\" sizes=\"(max-width: 254px) 100vw, 254px\" \/> <img decoding=\"async\" class=\"alignnone wp-image-2774\" src=\"https:\/\/www.lacotedaime.com\/Syndicat-Initiative\/wp-content\/uploads\/2013\/03\/1.png\" alt=\"\" width=\"282\" height=\"177\" srcset=\"https:\/\/www.lacotedaime.com\/Syndicat-Initiative\/wp-content\/uploads\/2013\/03\/1.png 596w, https:\/\/www.lacotedaime.com\/Syndicat-Initiative\/wp-content\/uploads\/2013\/03\/1-300x188.png 300w\" sizes=\"(max-width: 282px) 100vw, 282px\" \/><\/p>\n<h4 style=\"text-align: center;\">\u00a0<\/h4>\n<p style=\"text-align: center;\"><img decoding=\"async\" class=\"alignnone size-full wp-image-2775\" src=\"https:\/\/www.lacotedaime.com\/Syndicat-Initiative\/wp-content\/uploads\/2013\/03\/4.png\" alt=\"\" width=\"226\" height=\"195\" \/> <img decoding=\"async\" class=\"alignnone size-full wp-image-2776\" src=\"https:\/\/www.lacotedaime.com\/Syndicat-Initiative\/wp-content\/uploads\/2013\/03\/3.png\" alt=\"\" width=\"300\" height=\"150\" \/><\/p>\n<p>&nbsp;<\/p>\n<p class=\"MsoNormal\" style=\"font-family: Verdana,Arial,Helvetica,sans-serif; line-height: normal; text-align: center; margin: 0cm 0cm 0pt;\" align=\"center\"><span style=\"font-family: Calibri; color: #800080;\"><span style=\"font-family: Calibri;\"><b><span style=\"text-decoration: underline;\"><span style=\"font-size: 13pt;\">PR\u00caTS GRATUITS<\/span><\/span><\/b><b style=\"mso-bidi-font-weight: normal;\"><span style=\"font-size: 13pt;\">\u00a0<\/span><\/b><\/span><\/span><\/p>\n<p class=\"MsoNormal\" style=\"font-family: Verdana,Arial,Helvetica,sans-serif; line-height: normal; text-align: center; margin: 0cm 0cm 0pt;\" align=\"center\">\u00a0<\/p>\n<p class=\"MsoNormal\" style=\"font-family: Verdana,Arial,Helvetica,sans-serif; line-height: normal; text-align: center; margin: 0cm 0cm 0pt;\"><span style=\"font-family: Calibri; color: #800080;\"><span style=\"font-family: Calibri;\">A votre disposition, vous trouverez\u00a0des albums, des BD, des revues, des romans, des contes, des documentaires, des livres sur la Savoie, des CD, quelques DVD et CD-Roms<\/span><\/span><\/p>\n<p class=\"MsoNormal\" style=\"font-family: Verdana,Arial,Helvetica,sans-serif; line-height: normal; text-align: center; margin: 0cm 0cm 0pt;\"><span style=\"font-family: Calibri; color: #800080;\"><span style=\"font-family: Calibri;\"> pour les ENFANTS et les ADULTES.<\/span><\/span><\/p>\n<h2 class=\"MsoNormal\" style=\"text-align: center; line-height: normal; margin: 0cm 0cm 0pt;\">\u00a0<\/h2>\n<p class=\"MsoNormal\" style=\"line-height: normal; margin: 0cm 0cm 0pt;\"><span style=\"color: #800080;\"><strong>&#8230;organise des Animations<\/strong> :<\/span><\/p>\n<p class=\"MsoNormal\" style=\"line-height: normal; margin: 0cm 0cm 0pt;\"><span style=\"color: #800080;\">L&rsquo;\u00e9quipe de la biblioth\u00e8que vous propose de partir \u00e0 l&rsquo;aventure autour des livres<\/span><\/p>\n<ul style=\"text-align: justify;\">\n<li><span style=\"color: #800080;\"><strong>Festival du 1er roman de Chamb\u00e9ry, Prix Litt\u00e9raire Rosine Perrier&#8230;<br \/>\n<\/strong><\/span><\/li>\n<li><span style=\"color: #800080;\"><strong>Croc&rsquo;Histoire<\/strong> : En partenariat avec le Relais des Parents et Assistantes Maternelles du canton d&rsquo;Aime de l&rsquo;EAC, la biblioth\u00e8que re\u00e7oit chaque trimestre des petits accompagn\u00e9s de leurs assistantes maternelles ou de leurs parents pour une s\u00e9ance de lecture anim\u00e9e.<\/span><\/li>\n<li><span style=\"color: #800080;\"><strong>Livres en Balade<\/strong>&#8230;ils sont de retour pour cet \u00e9t\u00e9! Partagez un instant lecture \u00e0 travers les 10 hameaux de La C\u00f4te d&rsquo;Aime.<b style=\"mso-bidi-font-weight: normal;\"><b style=\"mso-bidi-font-weight: normal;\">\u00a0<\/b><\/b><\/span><\/li>\n<li><span style=\"color: #800080;\"><strong>\u00ab\u00a0Vide-Biblio\u00a0\u00bb&#8230;<\/strong>il est de retour \u00e9galement cet \u00e9t\u00e9 ! Offrez une seconde vie aux anciens livres de la biblioth\u00e8que et partager un moment de convivialit\u00e9 lors du March\u00e9 Estival organis\u00e9 par le Syndicat d&rsquo;Initiative de La C\u00f4te d&rsquo;Aime.<\/span><\/li>\n<li><span style=\"color: #800080;\">et encore beaucoup d&rsquo;autres&#8230;.<\/span><\/li>\n<\/ul>\n<h2 class=\"MsoNormal\" style=\"text-align: center; line-height: normal; margin: 0cm 0cm 0pt;\" align=\"center\"><span style=\"font-family: Calibri; color: #00ff00;\"><span style=\"font-family: Calibri;\">Vous disposez d&rsquo;un apr\u00e8s midi, d&rsquo;une heure par mois, vous avez envie de convivialit\u00e9 ?<br \/>\n<\/span><\/span><\/h2>\n<h2 class=\"MsoNormal\" style=\"text-align: center; line-height: normal; margin: 0cm 0cm 0pt;\" align=\"center\"><span style=\"font-family: Calibri; color: #00ff00;\"><span style=\"font-family: Calibri;\">La biblioth\u00e8que recrute des b\u00e9n\u00e9voles. Contacter nous\u00a0<\/span><\/span><\/h2>\n<h2 class=\"MsoNormal\" style=\"text-align: center; line-height: normal; margin: 0cm 0cm 0pt;\" align=\"center\"><span style=\"font-family: Calibri; color: #00ff00;\"><span style=\"font-family: Calibri;\">au 04.79.55.69.25. ou bibli.lacote@free.fr<\/span><\/span><\/h2>\n<p><span style=\"font-family: Calibri;\"><b style=\"mso-bidi-font-weight: normal;\"><span style=\"line-height: 115%; color: #1b1b1b; font-size: 12pt; mso-bidi-font-family: Arial;\"><span style=\"font-family: Calibri;\"><span style=\"font-family: verdana, arial, helvetica, sans-serif; font-size: small;\"><a href=\"https:\/\/www.lacotedaime.com\/Syndicat-Initiative\/wp-content\/uploads\/2013\/03\/spilman-et-Beatrice-biblio.jpg\"><img decoding=\"async\" class=\"aligncenter wp-image-652 size-full\" src=\"https:\/\/www.lacotedaime.com\/Syndicat-Initiative\/wp-content\/uploads\/2013\/03\/spilman-et-Beatrice-biblio.jpg\" alt=\"spilman et Beatrice biblio\" width=\"350\" height=\"263\" srcset=\"https:\/\/www.lacotedaime.com\/Syndicat-Initiative\/wp-content\/uploads\/2013\/03\/spilman-et-Beatrice-biblio.jpg 350w, https:\/\/www.lacotedaime.com\/Syndicat-Initiative\/wp-content\/uploads\/2013\/03\/spilman-et-Beatrice-biblio-300x225.jpg 300w\" sizes=\"(max-width: 350px) 100vw, 350px\" \/><\/a><\/span><\/span><\/span><\/b><\/span><\/p>\n<p><span style=\"font-family: Calibri;\">\u00a0<\/span><\/p>\n<p>&nbsp;<\/p>\n<p>&nbsp;<\/p>\n<p>&nbsp;<\/p>\n<p><span style=\"font-family: Calibri;\"><span style=\"font-family: Calibri;\">\u00a0<\/span><\/span><\/p>\n","protected":false},"excerpt":{"rendered":"<p>\u00a0BIBLIOTHEQUE MUNICIPALE DE LA C\u00d4TE D&rsquo;AIME \u00a0 \u00a0Commune de La Plagne Tarentaise HORAIRES D&rsquo;OUVERTURE \u00a0 \u00a0 \u00a0Mercredi de 10h \u00e0 12h et de 15h \u00e0 17h30 Samedi de 10h \u00e0&hellip; <\/p>\n","protected":false},"author":1,"featured_media":0,"parent":267,"menu_order":0,"comment_status":"closed","ping_status":"closed","template":"","meta":{"footnotes":"","_links_to":"","_links_to_target":""},"class_list":["post-276","page","type-page","status-publish","hentry"],"_links":{"self":[{"href":"https:\/\/www.lacotedaime.com\/Syndicat-Initiative\/wp-json\/wp\/v2\/pages\/276","targetHints":{"allow":["GET"]}}],"collection":[{"href":"https:\/\/www.lacotedaime.com\/Syndicat-Initiative\/wp-json\/wp\/v2\/pages"}],"about":[{"href":"https:\/\/www.lacotedaime.com\/Syndicat-Initiative\/wp-json\/wp\/v2\/types\/page"}],"author":[{"embeddable":true,"href":"https:\/\/www.lacotedaime.com\/Syndicat-Initiative\/wp-json\/wp\/v2\/users\/1"}],"replies":[{"embeddable":true,"href":"https:\/\/www.lacotedaime.com\/Syndicat-Initiative\/wp-json\/wp\/v2\/comments?post=276"}],"version-history":[{"count":43,"href":"https:\/\/www.lacotedaime.com\/Syndicat-Initiative\/wp-json\/wp\/v2\/pages\/276\/revisions"}],"predecessor-version":[{"id":5503,"href":"https:\/\/www.lacotedaime.com\/Syndicat-Initiative\/wp-json\/wp\/v2\/pages\/276\/revisions\/5503"}],"up":[{"embeddable":true,"href":"https:\/\/www.lacotedaime.com\/Syndicat-Initiative\/wp-json\/wp\/v2\/pages\/267"}],"wp:attachment":[{"href":"https:\/\/www.lacotedaime.com\/Syndicat-Initiative\/wp-json\/wp\/v2\/media?parent=276"}],"curies":[{"name":"wp","href":"https:\/\/api.w.org\/{rel}","templated":true}]}}