{"id":247,"date":"2013-03-20T16:44:28","date_gmt":"2013-03-20T15:44:28","guid":{"rendered":"http:\/\/www.lacotedaime.com\/Syndicat-Initiative\/?page_id=247"},"modified":"2018-02-08T10:02:40","modified_gmt":"2018-02-08T09:02:40","slug":"amenagement-territoire","status":"publish","type":"page","link":"https:\/\/www.lacotedaime.com\/Syndicat-Initiative\/histoire\/amenagement-territoire\/","title":{"rendered":"Am\u00e9nagement, territoire"},"content":{"rendered":"<p>&nbsp;<\/p>\n<p><span style=\"font-family: verdana, arial, helvetica, sans-serif; font-size: small;\">Les dates mentionn\u00e9es ici sont celles des d\u00e9lib\u00e9rations qui engagent les travaux. La r\u00e9alisation de ceux-ci d\u00e9pendra des al\u00e9as fonciers, financiers et administratifs qui peuvent reporter la mise en \u0153uvre de quelques jours \u00e0 plusieurs ann\u00e9es. Il faut savoir \u00e9galement que les dates de d\u00e9but et de fin de travaux ne sont pas port\u00e9es sur les registres de d\u00e9lib\u00e9rations dont la consultation a servi \u00e0 \u00e9tablir ce document.<\/span><\/p>\n<p><span style=\"font-family: verdana, arial, helvetica, sans-serif; font-size: small;\">(En gras les Maires et\u00a0<\/span><i style=\"font-family: verdana, arial, helvetica, sans-serif; font-size: small;\">en italique les Adjoints<\/i><span style=\"font-family: verdana, arial, helvetica, sans-serif; font-size: small;\">)<\/span><\/p>\n<p><span style=\"font-family: verdana, arial, helvetica, sans-serif; font-size: small;\">(avant 1860 ce sont des Syndics et des\u00a0<i>Procureurs,\u00a0<\/i>\u00e9lus pour un an minimum. Les syndics qui sont \u00e9lus par l\u2019assembl\u00e9e g\u00e9n\u00e9rale des communiers sont les pr\u00e9d\u00e9cesseurs des maires. Les\u00a0<i>Procureurs (en italique dans le texte<\/i>) sont des personnes d\u00e9sign\u00e9es, charg\u00e9es de g\u00e9rer les biens d\u2019Eglise.<\/span><\/p>\n<p><span style=\"font-family: verdana, arial, helvetica, sans-serif; font-size: small;\">&#8211; 1442\u00a0: Le Duc Louis de Savoie alberge aux communiers de La C\u00f4te un territoire dont les limites sont sensiblement celles d\u00a0\u2018aujourd\u2019hui.<\/span><\/p>\n<p><span style=\"font-family: verdana, arial, helvetica, sans-serif; font-size: small;\">(voir chapitre 1442 )<\/span><\/p>\n<p><span style=\"font-family: verdana, arial, helvetica, sans-serif;\"><span style=\"font-size: small;\">&#8211;\u00a0<b>1714\u00a0: Naissance de la paroisse de La C\u00f4te d\u2019Aime ( sans Le Villard )<\/b><\/span><\/span><\/p>\n<p><b><span style=\"font-family: verdana, arial, helvetica, sans-serif; font-size: small;\">( voir chapitre\u00a01714 )<\/span><\/b><\/p>\n<p><span style=\"font-family: verdana, arial, helvetica, sans-serif; font-size: small;\">&#8211; 1792 \/ 1814\u00a0: La Savoie est annex\u00e9e par la France.<\/span><\/p>\n<p><span style=\"font-family: verdana, arial, helvetica, sans-serif;\"><span style=\"font-size: small;\">&#8211; 1793\u00a0:\u00a0<b>Andr\u00e9 CRESSEND,\u00a0<i>Laurent BUTHOD-VILLIEN.<\/i><\/b><\/span><\/span><\/p>\n<p><span style=\"font-family: verdana, arial, helvetica, sans-serif; font-size: small;\">&#8211; Recensement des hommes\u00a0; Pierrolaz 28, Montm\u00e9ry 47, Gde Bergerie 30 ,\u00a0<\/span><span style=\"font-family: verdana, arial, helvetica, sans-serif; font-size: small;\"><span>Pte Bergerie 14, Pr\u00e9b\u00e9rard 7 ,la Siaz 9, Pr\u00e9girod 29,\u00a0<\/span><span>Le Villard 37.<\/span><\/span><\/p>\n<p><span style=\"font-family: verdana, arial, helvetica, sans-serif;\"><span style=\"font-size: small;\">&#8211; 1795\u00a0:<b>\u00a0Gaspard BONNET<i>, Antoine PLASSIARD.<\/i><\/b><\/span><\/span><\/p>\n<p><span style=\"font-family: verdana, arial, helvetica, sans-serif;\"><span style=\"font-size: small;\">&#8211; 1797\u00a0:\u00a0<b>Pierre VILLIEN,\u00a0<i>Etienne BUTHOD.<\/i><\/b><\/span><\/span><\/p>\n<p><span style=\"font-family: verdana, arial, helvetica, sans-serif;\"><span style=\"font-size: small;\">&#8211; 1799\u00a0:\u00a0<b>Jean BUTHOD,\u00a0<i>Andr\u00e9 PELLICIER.<\/i><\/b><\/span><\/span><\/p>\n<p><span style=\"font-family: verdana, arial, helvetica, sans-serif;\"><span style=\"font-size: small;\">&#8211; 1811\u00a0:\u00a0<b>Etienne BUTHOD,<\/b><\/span><\/span><\/p>\n<p><span style=\"font-family: verdana, arial, helvetica, sans-serif; font-size: small;\">&#8211; D\u00e9cision de construire le pont de la Ruaz ( \u00e0 Aime ) en pierre.<\/span><\/p>\n<p><span style=\"font-family: verdana, arial, helvetica, sans-serif; font-size: small;\">-1812\u00a0: Mise en place de quatre cloches. Elles seront toutes chang\u00e9es entre 1859 et 1881.<\/span><\/p>\n<p><span style=\"font-family: verdana, arial, helvetica, sans-serif;\"><span style=\"font-size: small;\">&#8211; 1813\u00a0:\u00a0<b>Jean Fran\u00e7ois PLASSIARD.<\/b><\/span><\/span><\/p>\n<p><span style=\"font-family: verdana, arial, helvetica, sans-serif; font-size: small;\">&#8211; 1815\u00a0: La Savoie rejoint le Royaume du Pi\u00e9mont.<\/span><\/p>\n<p><span style=\"font-family: verdana, arial, helvetica, sans-serif;\"><span style=\"font-size: small;\">&#8211; 1817\u00a0:\u00a0<b>Pierre LUISET ,\u00a0<i>Amand CRESSEND\u00a0.<\/i><\/b><\/span><\/span><\/p>\n<p><span style=\"font-family: verdana, arial, helvetica, sans-serif; font-size: small;\">&#8211; 1819\u00a0: Achat du presbyt\u00e8re et du jardin.<\/span><\/p>\n<p><span style=\"font-family: verdana, arial, helvetica, sans-serif;\"><span style=\"font-size: small;\">&#8211; 1822\u00a0:\u00a0<b>Jean PELLICIER,<\/b><\/span><\/span><\/p>\n<ul>\n<li><span style=\"font-family: verdana, arial, helvetica, sans-serif; font-size: small;\">719 habitants \u00e0 la C\u00f4te, sans Le Villard<\/span><\/li>\n<\/ul>\n<p><span style=\"font-size: small; font-family: verdana, arial, helvetica, sans-serif;\">&#8211; 1829\u00a0:\u00a0<\/span><b style=\"font-size: small; font-family: verdana, arial, helvetica, sans-serif;\">Jean-Jacques PLASSIARD,<\/b><\/p>\n<p><span style=\"font-family: verdana, arial, helvetica, sans-serif; font-size: small;\">-D\u00e9cision de construire une cave \u00e0 Mont-Rosset pour remplacer l\u2019ancienne situ\u00e9e dans les communaux de Laval, juste apr\u00e8s le dernier chalet de Foran, elle \u00e9tait reli\u00e9e \u00e0 l\u2019alpage par un sentier traversant le Bois Borgne\u00a0: le \u00ab\u00a0grand vion\u00a0\u00bb .<\/span><\/p>\n<p><span style=\"font-family: verdana, arial, helvetica, sans-serif;\"><span style=\"font-size: small;\">-1831 :\u00a0<b>Andr\u00e9 PLASSIARD,\u00a0<i>Pierre BARRAL.<\/i><\/b><\/span><\/span><\/p>\n<p><span style=\"font-family: verdana, arial, helvetica, sans-serif; font-size: small;\">-1833<b>\u00a0<\/b>: -Vote le budget pour le RD 86<\/span><\/p>\n<p><span style=\"font-family: verdana, arial, helvetica, sans-serif;\"><span style=\"font-size: small;\">-1835\u00a0:\u00a0<b>Laurent RUFFIER ,\u00a0<i>Laurent BUTHOD-VILLIEN.<\/i><\/b><\/span><\/span><\/p>\n<p><b><span style=\"font-family: verdana, arial, helvetica, sans-serif; font-size: small;\">&#8211; 1840\u00a0: Le Villard est rattach\u00e9 \u00e0 la Paroisse de La C\u00f4te.<\/span><\/b><\/p>\n<p><b><span style=\"font-family: verdana, arial, helvetica, sans-serif; font-size: small;\">( voir chapitre 1840).<\/span><\/b><\/p>\n<p><span style=\"font-family: verdana, arial, helvetica, sans-serif; font-size: small;\">-1859\u00a0: -Mise en place de la *petite cloche* actuelle<\/span><\/p>\n<p><span style=\"font-family: verdana, arial, helvetica, sans-serif;\"><span style=\"font-size: small;\">-1860\u00a0:\u00a0<b>Jean-Pierre CRESSEND\u00a0,<\/b><\/span><\/span><\/p>\n<p><span style=\"text-decoration: underline;\"><span style=\"font-family: verdana, arial, helvetica, sans-serif; font-size: small;\">La SAVOIE est d\u00e9finitivement rattach\u00e9e \u00e0 la France<\/span><\/span><\/p>\n<p><span style=\"font-family: verdana, arial, helvetica, sans-serif; font-size: small;\">-Raccordement du Villard a la d\u00e9partementale.<\/span><\/p>\n<p><span style=\"font-family: verdana, arial, helvetica, sans-serif; font-size: small;\">-1861\u00a0: La *cloche des morts* est install\u00e9e.<\/span><\/p>\n<p><span style=\"font-family: verdana, arial, helvetica, sans-serif;\"><span style=\"font-size: small;\">-1865\u00a0:\u00a0<b>Jean-Pierre CRESSEND,\u00a0<i>Barth\u00e9lemy PLASSIARD.<\/i><\/b><\/span><\/span><\/p>\n<p><span style=\"font-family: verdana, arial, helvetica, sans-serif;\"><span style=\"font-size: small;\">-Construction de la mairie \u00e9cole<i>.<\/i><\/span><\/span><\/p>\n<p><span style=\"font-family: verdana, arial, helvetica, sans-serif; font-size: small;\">-1866\u00a0: -Mise en place d\u2019un m\u00e9decin cantonal.<\/span><\/p>\n<p><span style=\"font-family: verdana, arial, helvetica, sans-serif; font-size: small;\">-1867\u00a0: -D\u00e9lib\u00e9ration pour augmenter la pente de la d\u00e9partementale afin qu\u2019elle puisse utiliser le trajet du vieux chemin entre le*Dou de la terre* et les Moulins du Cr\u00eat.<\/span><\/p>\n<p><span style=\"font-family: verdana, arial, helvetica, sans-serif; font-size: small;\">-1869\u00a0: -Accorde 100 sapins pour la reconstruction et demande un plan\u00a0<\/span><span style=\"font-family: verdana, arial, helvetica, sans-serif; font-size: small;\">d\u2019alignement au Villard (suite \u00e0 l\u2019incendie qui a ravag\u00e9 la partie Est du village les 11et 12 juillet de cette ann\u00e9e l\u00e0 ).Le plan arrivera deux ans plus tard alors que la reconstruction est pratiquement termin\u00e9e.<\/span><\/p>\n<p><span style=\"font-family: verdana, arial, helvetica, sans-serif; font-size: small;\">&#8211; -1870\u00a0: -La *seconde *cloche est install\u00e9e.<\/span><\/p>\n<p><span style=\"font-family: verdana, arial, helvetica, sans-serif;\"><span style=\"font-size: small;\">-1871\u00a0<b>: Barth\u00e9lemy PLASSIARD,\u00a0<i>Pierre Marie SILVESTRE.<\/i><\/b><\/span><\/span><\/p>\n<p><span style=\"font-family: verdana, arial, helvetica, sans-serif; font-size: small;\">&#8211; La d\u00e9partementale est prolong\u00e9e du chef-lieu \u00e0 la Charge.(sous la Bergerie)<\/span><\/p>\n<p><span style=\"font-family: verdana, arial, helvetica, sans-serif; font-size: small;\">-1873\u00a0: -Pr\u00e9girod demande une \u00e9cole temporaire pour les mois d\u2019hiver.<\/span><\/p>\n<p><span style=\"font-family: verdana, arial, helvetica, sans-serif;\"><span style=\"font-size: small;\">-1874\u00a0:\u00a0<b>Jean-Pierre PLASSIARD,\u00a0<i>Jean-Marie CHENAL.<\/i><\/b><\/span><\/span><\/p>\n<p><span style=\"font-family: verdana, arial, helvetica, sans-serif;\"><span style=\"font-size: small;\">&#8211; -1876\u00a0:\u00a0<b>Antoine PLASSIARD ,\u00a0<i>Jacques BLANCHET\u00a0.<\/i><\/b><\/span><\/span><\/p>\n<p><span style=\"font-family: verdana, arial, helvetica, sans-serif; font-size: small;\">-Ne peut payer les cours pour adultes mis en place les jeudi et<\/span><\/p>\n<p><span style=\"font-family: verdana, arial, helvetica, sans-serif; font-size: small;\">dimanche .Ces cours seront pris en charge l\u2019ann\u00e9e suivante.<\/span><\/p>\n<p><span style=\"font-family: verdana, arial, helvetica, sans-serif;\"><span style=\"font-size: small;\">-1877\u00a0:\u00a0<b>Fran\u00e7ois-Marie SILVESTRE,\u00a0<i>Jacques BLANCHET.<\/i><\/b><\/span><\/span><\/p>\n<p><span style=\"font-family: verdana, arial, helvetica, sans-serif; font-size: small;\">-Cr\u00e9e un corps de sapeurs pompiers de 56 hommes.<\/span><\/p>\n<p><span style=\"font-family: verdana, arial, helvetica, sans-serif;\"><span style=\"font-size: small;\">-1878\u00a0 :<b>Fran\u00e7ois-Marie SILVESTRE,\u00a0<i>Barth\u00e9lemy PLASSIARD.<\/i><\/b><\/span><\/span><\/p>\n<p><span style=\"font-family: verdana, arial, helvetica, sans-serif;\"><span style=\"font-size: small;\">-1881\u00a0:\u00a0<b>Eug\u00e8ne LUISET,\u00a0<i>Pierre-Marie SILVESTRE.<\/i><\/b><\/span><\/span><\/p>\n<p><span style=\"font-family: verdana, arial, helvetica, sans-serif;\"><span style=\"font-size: small;\"><b>&#8211;\u00a0<\/b>La *grosse cloche *est install\u00e9e. Elle a \u00e9t\u00e9 partiellement financ\u00e9e par une taxe sur les vignes. Cette astuce a permis d\u2019en faire payer une partie par les Mac\u00f4tais qui ont des vignes sur La C\u00f4te. Du coup ils ont surnomm\u00e9 cette cloche la *bramah\u00e9la* c\u2019est \u00e0 dire la grande gueulante\u00a0!<\/span><\/span><\/p>\n<p><span style=\"font-family: verdana, arial, helvetica, sans-serif; font-size: small;\">-1883\u00a0: -Vote les embranchements de La Sciaz et de La Bergerie<\/span><\/p>\n<p><span style=\"font-family: verdana, arial, helvetica, sans-serif;\"><span style=\"font-size: small;\">-1884\u00a0:\u00a0<b>Eug\u00e8ne LUISET,<i>Jean-Marie CHENAL.<\/i><\/b><\/span><\/span><\/p>\n<p><span style=\"font-family: verdana, arial, helvetica, sans-serif; font-size: small;\">-1885\u00a0: -Vote le budget pour raccorder Pr\u00e9girod \u00e0 la d\u00e9partementale .<\/span><\/p>\n<p><span style=\"font-family: verdana, arial, helvetica, sans-serif; font-size: small;\">-Vote la prolongation de cette d\u00e9partementale jusqu\u2019\u00e0 Montm\u00e9ry.<\/span><\/p>\n<p><span style=\"font-family: verdana, arial, helvetica, sans-serif; font-size: small;\">-1886\u00a0: -Demande que le chemin de raccordement de La Bergerie au RD86 traverse le milieu du village pour limiter le risque de propagation des incendies.<\/span><\/p>\n<p><span style=\"font-family: verdana, arial, helvetica, sans-serif; font-size: small;\">-D\u00e9cret portant de 5 \u00e0 7 mois l\u2019ouverture de l\u2019\u00e9cole du Villard.<\/span><\/p>\n<p><span style=\"font-size: small; font-family: verdana, arial, helvetica, sans-serif;\">-1888\u00a0:\u00a0<\/span><b style=\"font-size: small; font-family: verdana, arial, helvetica, sans-serif;\">Jean-Marie CHENAL,\u00a0<i>Eug\u00e8ne LUISET.<\/i><\/b><\/p>\n<p><span style=\"font-family: verdana, arial, helvetica, sans-serif; font-size: small;\">-1889\u00a0: -Accord pour l\u2019introduction d\u2019un c\u00e9page r\u00e9sistant au phyllox\u00e9ra*.<\/span><\/p>\n<p><span style=\"font-family: verdana, arial, helvetica, sans-serif;\"><span style=\"font-size: small;\">-1892\u00a0:\u00a0<b>Jean-Marie CHENAL,<i>\u00a0Eug\u00e8ne LUISET.<\/i><\/b><\/span><\/span><\/p>\n<p><span style=\"font-family: verdana, arial, helvetica, sans-serif;\"><span style=\"font-size: small;\">-1896\u00a0:\u00a0<b>Jean -Marie CHENAL,\u00a0<i>Jean-Jacques CHEVRAY.<\/i><\/b><i>\u00a0<\/i><\/span><\/span><\/p>\n<p><span style=\"font-family: verdana, arial, helvetica, sans-serif;\"><span style=\"font-size: small;\">-1900\u00a0:\u00a0<b>Eug\u00e8ne LUISET,\u00a0<i>Pierre-Fran\u00e7ois SILVESTRE.<\/i><\/b><\/span><\/span><\/p>\n<p><span style=\"font-family: verdana, arial, helvetica, sans-serif; font-size: small;\">-Subvention de 1000 fr.(3143 euros) pour la voie ferr\u00e9e Mo\u00fbtiers \/ Bourg- st Maurice.<\/span><\/p>\n<p><span style=\"font-family: verdana, arial, helvetica, sans-serif; font-size: small;\">-1901\u00a0: -Subvention pour le chemin de C\u00f4te Seray.<\/span><\/p>\n<p><span style=\"font-family: verdana, arial, helvetica, sans-serif; font-size: small;\">-635 habitants \u00e0 la C\u00f4te.<\/span><\/p>\n<p><span style=\"font-family: verdana, arial, helvetica, sans-serif; font-size: small;\">-R\u00e9organisation des pompiers qui passent \u00e0 54 hommes.<\/span><\/p>\n<p><span style=\"font-family: verdana, arial, helvetica, sans-serif; font-size: small;\">-Premi\u00e8re \u00e9tude pour la route de Pr\u00e9girod \u00e0 Granier.<\/span><\/p>\n<p><span style=\"font-family: verdana, arial, helvetica, sans-serif; font-size: small;\">-Construction du pont \u00e0 vo\u00fbte en pierre au Pont de la Gitte.<\/span><\/p>\n<p><span style=\"font-family: verdana, arial, helvetica, sans-serif; font-size: small;\">-1902\u00a0: -Demande de raccordement de Montm\u00e9ry au RD 86.(rappels en\u00a0<\/span><span style=\"font-family: verdana, arial, helvetica, sans-serif; font-size: small;\">1905 puis en 1908)<\/span><\/p>\n<p><span style=\"font-family: verdana, arial, helvetica, sans-serif; font-size: small;\">-Subvention pour le chemin de C\u00f4te Seray en tr\u00e8s mauvais \u00e9tat ce qui rend le d\u00e9bardage du bois difficile et donc le fait vendre \u00e0 vil prix.<\/span><\/p>\n<p><span style=\"font-family: verdana, arial, helvetica, sans-serif; font-size: small;\">-Demande d\u2019 ouverture d\u2019une route, \u00e0 travers les vignes, du Villard \u00e0 la nationale, pour rejoindre Bourg St Maurice plus directement.<\/span><\/p>\n<p><span style=\"font-family: verdana, arial, helvetica, sans-serif; font-size: small;\">-1903\u00a0: -Construction du chemin des C\u00f4tes \u00e0 Montm\u00e9ry.<\/span><\/p>\n<p><span style=\"font-family: verdana, arial, helvetica, sans-serif; font-size: small;\">-\u2018Vente d\u2019une coupe de bois extraordinaire de 300 m3 pour r\u00e9parer les chalets de Mont Rossset.<\/span><\/p>\n<p><span style=\"font-family: verdana, arial, helvetica, sans-serif; font-size: small;\">-Refus de sectionnement \u00e9lectoral entre les quartiers de La Balme et de Mont Rosset.<\/span><\/p>\n<p><span style=\"font-family: verdana, arial, helvetica, sans-serif; font-size: small;\">-Accord sur l\u2019emplacement de la gare \u00e0 Aime.<\/span><\/p>\n<p><span style=\"font-family: verdana, arial, helvetica, sans-serif;\"><span style=\"font-size: small;\">-1904\u00a0:\u00a0<b>Jean-Jacques CHEVRAY,\u00a0<i>C\u00e9lestin VILLIBORD.<\/i><\/b><\/span><\/span><\/p>\n<p><span style=\"font-family: verdana, arial, helvetica, sans-serif; font-size: small;\">-Rejet de la demande de Montm\u00e9ry de s\u2019\u00e9riger en commune\u00a0<\/span><span style=\"font-family: verdana, arial, helvetica, sans-serif; font-size: small;\">ind\u00e9pendante.<\/span><\/p>\n<p><span style=\"font-family: verdana, arial, helvetica, sans-serif; font-size: small;\">&#8211; Extrait du compte rendu de la r\u00e9union du conseil n\u00b0 84 au sujet de l\u2019engagement de la commune pour financer le CD 86 de Montm\u00e9ry jusqu\u2019au territoire de Valezan.<\/span><\/p>\n<p><span style=\"font-family: verdana, arial, helvetica, sans-serif;\"><span style=\"font-size: small;\">*<i>Le conseil de la C\u00f4te d\u2019Aime qui a sollicit\u00e9 plusieurs fois le concours de Valezan pour la construction de cette voie qui dessert aussi bien Valezan que La C\u00f4te \u00e0 toujours re\u00e7u de cette derni\u00e8re une fin de non recevoir, il serait tout a fait dans les r\u00e8gles de l\u2019\u00e9quit\u00e9 pour comprendre son esprit \u00e9go\u00efste que Valezan construise \u00e0 ses frais les 471 m\u00e8tres qui manquent*.<\/i><\/span><\/span><\/p>\n<p><span style=\"font-family: verdana, arial, helvetica, sans-serif; font-size: small;\">Donc le conseil sans aucune divergence refuse cat\u00e9goriquement le proposition du Service Vicinal pour l\u2019ach\u00e8vement de ce tron\u00e7on.<\/span><\/p>\n<p><span style=\"font-family: verdana, arial, helvetica, sans-serif; font-size: small;\">-Refus de rattachement au t\u00e9l\u00e9phone public (villages trop \u00e9parpill\u00e9s, frais de g\u00e9rance et absence de local).<\/span><\/p>\n<p><span style=\"font-family: verdana, arial, helvetica, sans-serif; font-size: small;\">-Construction du hangar des pompes \u00e0 la Grande Bergerie.<\/span><\/p>\n<p><span style=\"font-family: verdana, arial, helvetica, sans-serif; font-size: small;\">-1906\u00a0: -Am\u00e9lioration du chemin des C\u00f4tes pour le rendre praticable aux\u00a0<\/span><span style=\"font-family: verdana, arial, helvetica, sans-serif; font-size: small;\">tra\u00eeneaux.<\/span><\/p>\n<p><span style=\"font-family: verdana, arial, helvetica, sans-serif; font-size: small;\">-Am\u00e9lioration de chemin de la Sciaz.<\/span><\/p>\n<p><span style=\"font-family: verdana, arial, helvetica, sans-serif; font-size: small;\">-Ann\u00e9e de s\u00e9cheresse\u00a0: un homme qui arrachait des pommes de terre toute la matin\u00e9e en r\u00e9coltait un \u00e0 deux paniers. Dans le commerce elles co\u00fbtent trois fois leur prix habituel. Ne pouvant garder toutes leurs b\u00eates \u00e0 l\u2019\u00e9curie par suite du manque de fourrage, les paysans les bradent jusqu\u2019\u00e0 moiti\u00e9 de leur valeur.<\/span><\/p>\n<p><span style=\"font-family: verdana, arial, helvetica, sans-serif;\"><span style=\"font-size: small;\">-1907\u00a0:\u00a0<b>Jean-Marie PLASSIARD,\u00a0<i>Jean-Denis PLASSIARD.<\/i><\/b><\/span><\/span><\/p>\n<p><span style=\"font-family: verdana, arial, helvetica, sans-serif; font-size: small;\">-1908\u00a0: &#8211; Ayant trouv\u00e9 local et g\u00e9rant la cabine t\u00e9l\u00e9phonique est accept\u00e9e .Elle est install\u00e9e dans une chambre, au premier \u00e9tage d\u2019un caf\u00e9.<\/span><\/p>\n<p><span style=\"font-family: verdana, arial, helvetica, sans-serif; font-size: small;\">-1910\u00a0: -R\u00e9fection du toit de la mairie, la toiture en lauzes est remplac\u00e9e par des tuiles de Bourgogne.<\/span><\/p>\n<p><span style=\"font-family: verdana, arial, helvetica, sans-serif; font-size: small;\">&#8211; Le franc vaut 3,14 \u20ac.\u00a0<\/span><\/p>\n<p><span style=\"font-family: verdana, arial, helvetica, sans-serif; font-size: small;\">-Rectification du chemin entre le Pont de la Gitte et le bas de Plan Plassiardet.<\/span><\/p>\n<p><span style=\"font-family: verdana, arial, helvetica, sans-serif; font-size: small;\">-Cr\u00e9ation de la route du Villard aux vignes (jusqu\u2019au Clos).<\/span><\/p>\n<p><span style=\"font-family: verdana, arial, helvetica, sans-serif; font-size: small;\">-Demande de branchement d\u2019eau sur la conduite PLM( SNCF) pour alimenter Pr\u00e9girod, Pierrolaz et le Villard.(cette demande plusieurs fois r\u00e9it\u00e9r\u00e9e n\u2019aboutira pas).<\/span><\/p>\n<p><span style=\"font-family: verdana, arial, helvetica, sans-serif; font-size: small;\">-1911\u00a0: -Demande de boites aux lettres pour Montm\u00e9ry et Le Villard<\/span><\/p>\n<p><span style=\"font-family: verdana, arial, helvetica, sans-serif; font-size: small;\">-Achat de bassins en pierre\u00a0:1 \u00e0 Montm\u00e9ry, 2 aux Bergeries, 3 \u00e0 Pierrolaz, 3 au Villard, \u00c0 charge pour chaque communaut\u00e9 villageoise d\u2019 acheminer les mat\u00e9riaux depuis Aime<\/span><\/p>\n<p><span style=\"font-family: verdana, arial, helvetica, sans-serif; font-size: small;\">-R\u00e9alisation du chemin d\u2019acc\u00e8s \u00e0 Montm\u00e9ry<\/span><\/p>\n<p><span style=\"font-family: verdana, arial, helvetica, sans-serif; font-size: small;\">-Subvention pour raccordement de Beguevey au RD 86.<\/span><\/p>\n<p><span style=\"font-family: verdana, arial, helvetica, sans-serif; font-size: small;\">-1912 -:Analyse de l\u2019eau de Chianvanay pour alimenter Pierrolaz et Le Villard ( bonne en 1913 ).<\/span><\/p>\n<p><span style=\"font-family: verdana, arial, helvetica, sans-serif; font-size: small;\">-Partage d\u00e9finitif des communaux entre Montm\u00e9ry et Valezan ( ils \u00e9taient toujours en indivision ).<\/span><\/p>\n<p><span style=\"font-family: verdana, arial, helvetica, sans-serif; font-size: small;\">-R\u00e9paration du pont de la Ruaz \u00e0 Aime (co\u00fbt partag\u00e9 1\/2 \u00e0 Aime\u00a0; 1\/3 \u00e0 La C\u00f4te, 1\/6 \u00e0 Valezan)<\/span><\/p>\n<p><span style=\"font-family: verdana, arial, helvetica, sans-serif;\"><span style=\"font-size: small;\">-1913\u00a0:\u00a0<b>Jean-Denis PLASSIARD,\u00a0<i>Jean-Marie PLASSIARD.<\/i><\/b><\/span><\/span><\/p>\n<p><span style=\"font-family: verdana, arial, helvetica, sans-serif; font-size: small;\">&#8211; Le train arrive \u00e0 Aime. La ligne de Mo\u00fbtiers \u00e0 Bourg St Maurice a \u00e9t\u00e9 adjug\u00e9e en 1907 elle a co\u00fbt\u00e9 environ quinze millions de francs de l\u2019\u00e9poque soit l\u2019\u00e9quivalent d\u2019une cinquantaine de millions d\u2019euros.<\/span><\/p>\n<p><span style=\"font-family: verdana, arial, helvetica, sans-serif; font-size: small;\">-1914 -Chemin pour relier Pierrolaz du milieu, au RD 86.(rue des Rosiers)<\/span><\/p>\n<p><span style=\"font-family: verdana, arial, helvetica, sans-serif; font-size: small;\">-Cr\u00e9ation du syndicat d\u2019\u00e9levage, en vue de l\u2019am\u00e9lioration du troupeau par s\u00e9lection des taureaux reproducteurs<\/span><\/p>\n<p><span style=\"font-family: verdana, arial, helvetica, sans-serif; font-size: small;\">-Le franc de l\u2019\u00e9poque( ancien franc) vaut 2\u20ac72 ct.<\/span><\/p>\n<p><span style=\"font-family: verdana, arial, helvetica, sans-serif;\"><span style=\"font-size: small;\">-1919\u00a0:\u00a0<b>Jean-Denis PLASSIARD,\u00a0<i>Louis SILVESTRE.<\/i><\/b><\/span><\/span><\/p>\n<p><span style=\"font-family: verdana, arial, helvetica, sans-serif; font-size: small;\">-Demande de maintient d\u2019une \u00e9cole annuelle au Villard.<\/span><\/p>\n<p><span style=\"font-family: verdana, arial, helvetica, sans-serif;\"><span style=\"font-size: small;\"><b>&#8211;<\/b><\/span><\/span><span style=\"font-family: verdana, arial, helvetica, sans-serif;\"><span style=\"font-size: small;\">1921:\u00a0<b>Louis SILVESTRE,\u00a0<i>Jean-Denis PLASSIARD.<\/i><\/b><\/span><\/span><\/p>\n<p><span style=\"font-family: verdana, arial, helvetica, sans-serif; font-size: small;\">-Ce fut certainement l\u2019ann\u00e9e qui connut la plus grande s\u00e9cheresse du si\u00e8cle\u00a0; pas de pluie de la Toussaint \u00e0 septembre 1922. Aucune chute de neige de tout l\u2019hiver par ailleurs exceptionnellement doux puisque l\u2019on y vit des cerisiers en fleurs \u00e0 No\u00ebl. Il ne poussait rien o\u00f9 l\u2019on ne pouvait irriguer. D\u00e8s le mois d\u2019avril, on arrosait les jardins,les vergers et les pr\u00e9s. En temps ordinaire ce travail se faisait seulement apr\u00e8s les foins. On irriguait aussi les pommes de terre, si on pouvait amener l\u2019eau.<\/span><\/p>\n<p><span style=\"font-family: verdana, arial, helvetica, sans-serif;\"><span style=\"font-size: small;\">-1922\u00a0:\u00a0<b>Jean-Denis PLASSIARD,\u00a0<i>Louis SILVESTRE.<\/i><\/b><\/span><\/span><\/p>\n<p><span style=\"font-family: verdana, arial, helvetica, sans-serif; font-size: small;\">-Les maigres r\u00e9coltes de 1921: pas de pommes de terre ailleurs qu\u2019\u00e0 la Bergerie,et dans les rares champs qui avaient pu \u00eatres irrigu\u00e9s. La soudure fut difficile. Plusieurs wagons de foin arriv\u00e8rent en gare d\u2019Aime, ainsi que des pommes de terre en provenance de Bretagne, de Hollande ou d\u2019Angleterre. On fit venir \u00e9galement du bl\u00e9. 1922 fut par contre une ann\u00e9e tr\u00e8s humide o\u00f9 les patates pourrirent en terre.<\/span><\/p>\n<p><span style=\"font-family: verdana, arial, helvetica, sans-serif;\"><span style=\"font-size: small;\"><b>&#8211;<\/b>1924\u00a0:\u00a0<b>Jean-Denis PLASSIARD\u00a0,\u00a0<i>pas d\u2019adjoint.<\/i><\/b><\/span><\/span><\/p>\n<p><b><span style=\"font-family: verdana, arial, helvetica, sans-serif; font-size: small;\">&#8211; Le franc ne vaut plus que 0,73 \u20ac.<\/span><\/b><\/p>\n<p><span style=\"font-family: verdana, arial, helvetica, sans-serif; font-size: small;\">-Route de Fromenterie<\/span><\/p>\n<p><span style=\"font-family: verdana, arial, helvetica, sans-serif; font-size: small;\">-FECHOZ secr\u00e9taire de Mairie.<\/span><\/p>\n<p><span style=\"font-family: verdana, arial, helvetica, sans-serif; font-size: small;\">Pour la p\u00e9riode 1925\/1937 il n\u2019existe plus d\u2019\u00e9crits en Mairie. Les informations transcrites ci-apr\u00e8s ont \u00e9t\u00e9 puis\u00e9es dans les m\u00e9moires des anciens.<\/span><\/p>\n<p><span style=\"font-family: verdana, arial, helvetica, sans-serif;\"><span style=\"font-size: small;\">-1925<b>\u00a0<\/b>:\u00a0<b>Louis SILVESTRE\u00a0,<i>\u00a0Victor BUTHOD-GARCON<\/i>\u00a0<i>.<\/i><\/b><\/span><\/span><\/p>\n<p><span style=\"font-family: verdana, arial, helvetica, sans-serif; font-size: small;\">-Premi\u00e8re auto de La C\u00f4te, achet\u00e9e par J.D. Plassiard.<\/span><\/p>\n<p><span style=\"font-family: verdana, arial, helvetica, sans-serif;\"><span style=\"font-size: small;\">-1926 :\u00a0<b>Justin PLASSIARD,\u00a0<i>Jean-Denis PLASSIARD<\/i><\/b><i>.<\/i><\/span><\/span><\/p>\n<p><span style=\"font-family: verdana, arial, helvetica, sans-serif; font-size: small;\">-D\u00e9viation de Cr\u00eat Jourdan et route jusqu\u2019\u00e0 Foran.<\/span><\/p>\n<p><span style=\"font-family: verdana, arial, helvetica, sans-serif; font-size: small;\">-Ouverture de la piste foresti\u00e8re d\u2019Entre Deux Nants.<\/span><\/p>\n<p><span style=\"font-family: verdana, arial, helvetica, sans-serif; font-size: small;\">&#8211; 1927\u00a0 -Route de La Petite Bergerie a La Grangette o\u00f9 elle est raccord\u00e9e au chemin de C\u00f4te Seray.<\/span><\/p>\n<p><span style=\"font-family: verdana, arial, helvetica, sans-serif; font-size: small;\">-1928\u00a0: -Etude pour l\u2019\u00e9lectrification. Le conseil rejette la proposition de l\u2019adjoint de construire une centrale intercommunale sur l\u2019Ormente avec Granier et Valezan.<\/span><\/p>\n<p><span style=\"font-family: verdana, arial, helvetica, sans-serif; font-size: small;\">-1929\u00a0: -March\u00e9 pour le mat\u00e9riel de la fromagerie.<\/span><\/p>\n<p><span style=\"font-family: verdana, arial, helvetica, sans-serif; font-size: small;\">-Electrification de la Commune par l\u2019entreprise Carret d\u2019Aime.<\/span><\/p>\n<p><span style=\"font-family: verdana, arial, helvetica, sans-serif; font-size: small;\">-Renonce au chemin du Villard \u00e0 la nationale par les vignes.<\/span><\/p>\n<p><span style=\"font-family: verdana, arial, helvetica, sans-serif;\"><span style=\"font-size: small;\">-1931\u00a0:\u00a0<b>Justin PLASSIARD ,\u00a0<i>Louis SILVESTRE.<\/i><\/b><\/span><\/span><\/p>\n<p><span style=\"font-family: verdana, arial, helvetica, sans-serif; font-size: small;\">-1932\u00a0: -Ecole de La Bergerie.<\/span><\/p>\n<p><span style=\"font-family: verdana, arial, helvetica, sans-serif; font-size: small;\">-Route de Cr\u00eat Jourdan \u00e0 Pr\u00e9pinet.<\/span><\/p>\n<p><span style=\"font-family: verdana, arial, helvetica, sans-serif; font-size: small;\">-Fruiti\u00e8re communale.<\/span><\/p>\n<p><span style=\"font-family: verdana, arial, helvetica, sans-serif; font-size: small;\">-R\u00e9seau d\u2019eau potable pour Pierrolaz et Le Villard (source de Chianvanay)<\/span><\/p>\n<p><span style=\"font-family: verdana, arial, helvetica, sans-serif; font-size: small;\">-1935\u00a0: -Premi\u00e8re \u00e9tude pour le captage d\u2019eau potable \u00e0 Foran.<\/span><\/p>\n<p><span style=\"font-family: verdana, arial, helvetica, sans-serif;\"><span style=\"font-size: small;\">&#8211;<b><i>Fran\u00e7ois PLASSIARD secr\u00e9taire de Mairie.<\/i><\/b><\/span><\/span><\/p>\n<p><span style=\"font-family: verdana, arial, helvetica, sans-serif; font-size: small;\">-1936\u00a0: -Cr\u00e9ation du club de ski *les Eclaireurs du Bresson.* Premier concours de ski du haut des Fours \u00e0 la Bergerie. Ce jour l\u00e0, le dernier coureur class\u00e9 &#8211; Pierre Silvestre- a gagn\u00e9 un panier garni contenant un litre de gn\u00f4le et un petit chiot*.<\/span><\/p>\n<p><span style=\"font-family: verdana, arial, helvetica, sans-serif;\"><span style=\"font-size: small;\">-1937 :\u00a0<b>Justin PLASSIARD,\u00a0<i>Louis SILVESTRE.<\/i><\/b><\/span><\/span><\/p>\n<p><span style=\"font-family: verdana, arial, helvetica, sans-serif;\"><span style=\"font-size: small;\"><b><i>&#8211;<\/i><\/b>Le franc est tomb\u00e9 \u00e0 0,46 \u20ac<\/span><\/span><\/p>\n<p><span style=\"font-family: verdana, arial, helvetica, sans-serif; font-size: small;\">-1939\u00a0: -Cr\u00e9ation du chemin de La Grangette \u00e0 Chantemouche.<\/span><\/p>\n<p><span style=\"font-family: verdana, arial, helvetica, sans-serif; font-size: small;\">-Chemin des Mariets.<\/span><\/p>\n<p><span style=\"font-family: verdana, arial, helvetica, sans-serif; font-size: small;\">-Projet de cave \u00e0 Mont Rosset.<\/span><\/p>\n<p><span style=\"font-family: verdana, arial, helvetica, sans-serif; font-size: small;\">-1941 : Chemin des Mariets et de La Combe.<\/span><\/p>\n<p><span style=\"font-family: verdana, arial, helvetica, sans-serif; font-size: small;\">-Demande de rectification du chemin de Bon Pas (les Vrioules).<\/span><\/p>\n<p><span style=\"font-family: verdana, arial, helvetica, sans-serif;\"><span style=\"font-size: small;\">-1942 :\u00a0<b>Louis SILVESTRE\u00a0<i>Jean BUTHOD-GARCON.<\/i>\u00a0nomm\u00e9s par le Pr\u00e9fet.<\/b><\/span><\/span><\/p>\n<p><span style=\"font-family: verdana, arial, helvetica, sans-serif; font-size: small;\">-Accord pour la construction d\u2019un refuge au Bresson.<\/span><\/p>\n<p><span style=\"font-family: verdana, arial, helvetica, sans-serif; font-size: small;\">&#8211;<b><i>Delphin SILVESTRE secr\u00e9taire de mairie<\/i><\/b>.<\/span><\/p>\n<p><span style=\"font-family: verdana, arial, helvetica, sans-serif; font-size: small;\">-Am\u00e9lioration de la route du Pont de La Gitte \u00e0 Foran et construction de la route de Foran \u00e0 La Balme.<\/span><\/p>\n<p><span style=\"font-family: verdana, arial, helvetica, sans-serif; font-size: small;\">-1943\u00a0 :S\u00e9cheresse terrible. Les C\u00f4terains cherchent par tous les moyens \u00e0 limiter le manque de r\u00e9coltes. On irrigue pr\u00e9s et champs, on va faucher les pentes avalancheuses dans la vall\u00e9e de La Balme l\u00e0 o\u00f9 le b\u00e9tail ne peut plus grimper pour p\u00e2turer. La saison d\u2019estive ne durera que 63 jours \u00e0 Mont Rosset au lieu des 80\/85 habituels.<\/span><\/p>\n<p><span style=\"font-family: verdana, arial, helvetica, sans-serif;\"><span style=\"font-size: small;\">-1945\u00a0:\u00a0<b>L\u00e9on PLASSIARD,\u00a0<i>Jean BUTHOD-GARCON<\/i>. Nomm\u00e9s par la R\u00e9sistance.<\/b><\/span><\/span><\/p>\n<p><span style=\"font-family: verdana, arial, helvetica, sans-serif; font-size: small;\">-Gaston CRESSEND secr\u00e9taire de mairie.<\/span><\/p>\n<p><span style=\"font-family: verdana, arial, helvetica, sans-serif; font-size: small;\">-1946 :-Alimentation g\u00e9n\u00e9rale de la commune en eau potable par le captage de Foran.<\/span><\/p>\n<p><span style=\"font-family: verdana, arial, helvetica, sans-serif; font-size: small;\">-Le franc vaut 0,045 \u20ac<\/span><\/p>\n<p><span style=\"font-family: verdana, arial, helvetica, sans-serif;\"><span style=\"font-size: small;\">&#8211; 1947\u00a0:\u00a0<b>L\u00e9on PLASSIARD,\u00a0<i>Jean BUTHOD-GARCON.<\/i><\/b><\/span><\/span><\/p>\n<p><span style=\"font-family: verdana, arial, helvetica, sans-serif; font-size: small;\">&#8211; 1948 -Modification du r\u00e9gime communal;(voir annexe\u00a0<i>1948 ).<\/i><\/span><\/p>\n<p><span style=\"font-family: verdana, arial, helvetica, sans-serif; font-size: small;\">-615 habitants \u00e0 la C\u00f4te d\u2019Aime<\/span><\/p>\n<p><span style=\"font-family: verdana, arial, helvetica, sans-serif; font-size: small;\">-Route des vignes. (1ere tranche).<\/span><\/p>\n<p><span style=\"font-family: verdana, arial, helvetica, sans-serif; font-size: small;\">&#8211; Chalet des Plans d\u2019en bas.<\/span><\/p>\n<p><span style=\"font-family: verdana, arial, helvetica, sans-serif; font-size: small;\">-Le 12 Ao\u00fbt\u00a0importante chute de neige: 5 cm \u00e0 la Bergerie, 30 \u00e0 Cr\u00eat Jourdan, 50 \u00e0 Mont Rosset. La descente du b\u00e9tail des alpages s\u2019effectue dans des conditions dantesques.<\/span><\/p>\n<p><span style=\"font-family: verdana, arial, helvetica, sans-serif; font-size: small;\">-1951\u00a0: -Programme complet pour Mont Rosset (chalets eau et route).<\/span><\/p>\n<p><span style=\"font-family: verdana, arial, helvetica, sans-serif; font-size: small;\">-Conduite d\u2019eau du lac de Portette \u00e0 mont Rosset.<\/span><\/p>\n<p><span style=\"font-family: verdana, arial, helvetica, sans-serif; font-size: small;\">-Derni\u00e8re ann\u00e9e du troupeau de ch\u00e8vres laiti\u00e8res \u00e0 La Balme. Roger Perraudat en \u00e9tait le berger<\/span><\/p>\n<p><span style=\"font-family: verdana, arial, helvetica, sans-serif;\"><span style=\"font-size: small;\">-1952\u00a0:\u00a0<b>Jean BUTHOD-GARCON<i>, Ars\u00e8ne CRESSEND.<\/i><\/b><\/span><\/span><\/p>\n<p><span style=\"font-family: verdana, arial, helvetica, sans-serif; font-size: small;\">-Construction de la maison foresti\u00e8re inter communale \u00e0 Granier<\/span><\/p>\n<p><span style=\"font-family: verdana, arial, helvetica, sans-serif; font-size: small;\">-Chalet de mont Rosset<\/span><\/p>\n<p><span style=\"font-family: verdana, arial, helvetica, sans-serif; font-size: small;\">-Route de mont Rosset (partie du haut dans les alpages)<\/span><\/p>\n<p><span style=\"font-family: verdana, arial, helvetica, sans-serif; font-size: small;\">&#8211;<strong>Emile CRESSEND<\/strong>\u00a0secr\u00e9taire de mairie.<\/span><\/p>\n<p><span style=\"font-family: verdana, arial, helvetica, sans-serif;\"><span style=\"font-size: small;\">-1953\u00a0<b>: Pierre BUTHOD-GARCON,\u00a0<i>Ars\u00e8ne CRESSSEND.<\/i><\/b><\/span><\/span><\/p>\n<p><span style=\"font-family: verdana, arial, helvetica, sans-serif; font-size: small;\">-Ouverture de la carri\u00e8re.<\/span><\/p>\n<p><span style=\"font-family: verdana, arial, helvetica, sans-serif; font-size: small;\">-R\u00e9fection du toit de l\u2019\u00e9glise et du cr\u00e9pis ext\u00e9rieur.<\/span><\/p>\n<p><span style=\"font-family: verdana, arial, helvetica, sans-serif; font-size: small;\">-D\u00e9but du goudronnage de la d\u00e9partementale.<\/span><\/p>\n<p><span style=\"font-family: verdana, arial, helvetica, sans-serif; font-size: small;\">-Subvention pour la cr\u00e9ation d\u2019un concours agricole cantonal\u00a0.<\/span><\/p>\n<p><span style=\"font-family: verdana, arial, helvetica, sans-serif;\"><span style=\"font-size: small;\">-1954\/55\u00a0:Construction de la route de Pr\u00e9pinet \u00e0 Mont Rosset.\u00a0<i>Le programme complet de r\u00e9novation de l\u2019alpage du Mont Rosset comprenait l\u2019eau, les chalets et la route. Ce programme \u00e9tait subventionn\u00e9 dans sa totalit\u00e9, mais la subvention pour la route, \u00e9tait soumise \u00e0 la r\u00e9alisation pr\u00e9alable des chalets et de l\u2019adduction d\u2019eau. Cette r\u00e9serve technocratique obligea les C\u00f4terains \u00e0 monter \u00e0 b\u00e2t les mat\u00e9riaux pour les chalets. Et surtout \u00e0 transporter \u00e0 dos d\u2019homme, depuis Pr\u00e9pinet, les tuyaux pour la conduite qui am\u00e8nera l\u2019eau du Lac de Portette aux chalets de l\u2019alpage.<\/i><\/span><\/span><\/p>\n<p><span style=\"font-family: verdana, arial, helvetica, sans-serif; font-size: small;\">-1955\u00a0: -Record de nombre de vaches aux alpages\u00a0: 165 \u00e0 Mont Rosset, 120 \u00e0 La Balme.<\/span><\/p>\n<p><span style=\"font-family: verdana, arial, helvetica, sans-serif;\"><span style=\"font-size: small;\"><i>&#8211;<\/i>Projet de remembremen<i>t<\/i><\/span><\/span><\/p>\n<p><span style=\"font-family: verdana, arial, helvetica, sans-serif; font-size: small;\">-1956\u00a0: -Agrandissement du cimeti\u00e8re.<\/span><\/p>\n<p><span style=\"font-family: verdana, arial, helvetica, sans-serif; font-size: small;\">&#8211; Construction de l\u2019\u00e9cole du Villard.<\/span><\/p>\n<p><span style=\"font-family: verdana, arial, helvetica, sans-serif; font-size: small;\">-Autorisation de g\u00e9mination des classes\u00a0;<\/span><\/p>\n<p><span style=\"font-family: verdana, arial, helvetica, sans-serif; font-size: small;\">-Construction du chalet de La Balme.(le refuge actuel).<\/span><\/p>\n<p><span style=\"font-family: verdana, arial, helvetica, sans-serif; font-size: small;\">-1957\u00a0: -Cabine t\u00e9l\u00e9phonique \u00e0 La Bergerie .<\/span><\/p>\n<p><span style=\"font-family: verdana, arial, helvetica, sans-serif; font-size: small;\">-Construction des Halles des Plans.<\/span><\/p>\n<p><span style=\"font-family: verdana, arial, helvetica, sans-serif; font-size: small;\">-Route des Fours.(dernier ouvrage important r\u00e9alis\u00e9 \u00e0 la main)<\/span><\/p>\n<p><span style=\"font-family: verdana, arial, helvetica, sans-serif; font-size: small;\">-La d\u00e9partementale 86 est enrob\u00e9e.<\/span><\/p>\n<p><span style=\"font-family: verdana, arial, helvetica, sans-serif; font-size: small;\">-1958\u00a0: -Une d\u00e9l\u00e9gation Am\u00e9ricaine visite les am\u00e9liorations pastorales de Mont Rosset.<\/span><\/p>\n<p><span style=\"font-family: verdana, arial, helvetica, sans-serif; font-size: small;\">-Deux taureaux devenus m\u00e9chants doivent \u00eatre abattus.<\/span><\/p>\n<p><span style=\"font-family: verdana, arial, helvetica, sans-serif; font-size: small;\">-Electrification des cloches.<\/span><\/p>\n<p><span style=\"font-family: verdana, arial, helvetica, sans-serif;\"><span style=\"font-size: small;\">-1959\u00a0:\u00a0<b>Pierre BUTHOD-GARCON,\u00a0<i>Ars\u00e8ne CRESSEND.<\/i><\/b><\/span><\/span><\/p>\n<p><span style=\"font-family: verdana, arial, helvetica, sans-serif;\"><span style=\"font-size: small;\"><b>&#8211;<\/b>EDF capte l\u2019Ormente et le Nant Signolan pour les conduire au barrage de St Gu\u00e9rin par une galerie souterraine sous le Mont Rosset.<\/span><\/span><\/p>\n<p><span style=\"font-family: verdana, arial, helvetica, sans-serif; font-size: small;\">-Route de Bon Pas<\/span><\/p>\n<p><span style=\"font-family: verdana, arial, helvetica, sans-serif; font-size: small;\">-1960\u00a0: -Ramassage scolaire pour le CEG d\u2019Aime.<\/span><\/p>\n<p><span style=\"font-family: verdana, arial, helvetica, sans-serif; font-size: small;\">-Egouts au Chef Lieu.<\/span><\/p>\n<p><span style=\"font-family: verdana, arial, helvetica, sans-serif; font-size: small;\">-85 vaches seulement \u00e0 Mont Rosset.<\/span><\/p>\n<p><span style=\"font-family: verdana, arial, helvetica, sans-serif; font-size: small;\">-Mise en service du nouveau franc.(il vaut 100 anciens et 1,29 euro)<\/span><\/p>\n<p><span style=\"font-family: verdana, arial, helvetica, sans-serif; font-size: small;\">-1961:Transfert de la mairie dans son nouveau b\u00e2timent.<\/span><\/p>\n<p><span style=\"font-family: verdana, arial, helvetica, sans-serif; font-size: small;\">-Cabine t\u00e9l\u00e9phonique au Villard.<\/span><\/p>\n<p><span style=\"font-family: verdana, arial, helvetica, sans-serif; font-size: small;\">-Plus qu\u2019un seul troupeau inalp\u00e9.<\/span><\/p>\n<p><span style=\"font-family: verdana, arial, helvetica, sans-serif; font-size: small;\">-La gestion de la voirie communale est transf\u00e9r\u00e9e \u00e0 l\u2019\u00e9quipement<\/span><\/p>\n<p><span style=\"font-family: verdana, arial, helvetica, sans-serif; font-size: small;\">-1962\u00a0: -EDF r\u00e9alimente les montagnettes priv\u00e9es d\u2019eau par ses travaux.<\/span><\/p>\n<p><span style=\"font-family: verdana, arial, helvetica, sans-serif; font-size: small;\">-Construction de la salle des f\u00eates.<\/span><\/p>\n<p><span style=\"font-family: verdana, arial, helvetica, sans-serif; font-size: small;\">-Cr\u00e9ation du Syndicat d\u2019Initiatives.<\/span><\/p>\n<p><span style=\"font-family: verdana, arial, helvetica, sans-serif; font-size: small;\">-Faute de repreneur le bail de St Etienne ne sera pas reconduit.(Ce sont les propri\u00e9t\u00e9s li\u00e9es \u00e0 la chapelle de Montm\u00e9ry).<\/span><\/p>\n<p><span style=\"font-family: verdana, arial, helvetica, sans-serif; font-size: small;\">-1963\u00a0: -Ouverture de la route de St Blaise.(partie ouest)<\/span><\/p>\n<p>&#8211; Elargissement de la rue du Villard\u00a0 (remodelage du Four)<\/p>\n<p><span style=\"font-family: verdana, arial, helvetica, sans-serif; font-size: small;\">-Egouts \u00e0 la Bergerie et \u00e0 la Sciaz.<\/span><\/p>\n<p><span style=\"font-family: verdana, arial, helvetica, sans-serif; font-size: small;\">-Avant projet de paravalanches.( d\u00e9truits en 1965).<\/span><\/p>\n<p><span style=\"font-family: verdana, arial, helvetica, sans-serif; font-size: small;\">-Reprofilage de la route de C\u00f4te Seray au pont de La Gitte.<\/span><\/p>\n<p><span style=\"font-family: verdana, arial, helvetica, sans-serif; font-size: small;\">-1964\u00a0: -Etude d\u2019am\u00e9nagement en vue du tourisme d\u2019hiver. Conclusions sans appel\u00a0: trop ensoleill\u00e9, trop pentu, trop avalancheux.<\/span><\/p>\n<p><span style=\"font-family: verdana, arial, helvetica, sans-serif; font-size: small;\">-Nouvelle route du Pont de La Gitte \u00e0 Cr\u00eat Jourdan.<\/span><\/p>\n<p><span style=\"font-family: verdana, arial, helvetica, sans-serif; font-size: small;\">-Cabine t\u00e9l\u00e9phonique \u00e0 Montm\u00e9ry.<\/span><\/p>\n<p><span style=\"font-family: verdana, arial, helvetica, sans-serif; font-size: small;\">-Autorise le retournement de l\u2019autel de l\u2019Eglise paroissiale.<\/span><\/p>\n<p><span style=\"font-family: verdana, arial, helvetica, sans-serif;\"><span style=\"font-size: small;\">-1965\u00a0<b>: Ars\u00e8ne CRESSEND,\u00a0<i>Gilbert PLASSIARD, Roger PELLICIER.<\/i><\/b><\/span><\/span><\/p>\n<p><span style=\"font-family: verdana, arial, helvetica, sans-serif; font-size: small;\">-Syndicat intercommunal de ramassage scolaire.<\/span><\/p>\n<p><span style=\"font-family: verdana, arial, helvetica, sans-serif; font-size: small;\">-Renforcement du r\u00e9seau d\u2019eau potable.<\/span><\/p>\n<p><span style=\"font-family: verdana, arial, helvetica, sans-serif; font-size: small;\">-1966\u00a0: -Egouts \u00e0 Montm\u00e9ry.<\/span><\/p>\n<p><span style=\"font-family: verdana, arial, helvetica, sans-serif; font-size: small;\">-Location pour 99 ans du terrain pour le refuge de Presset.<\/span><\/p>\n<p><span style=\"font-family: verdana, arial, helvetica, sans-serif; font-size: small;\">-1967\u00a0: -Halle des veaux \u00e0 Laval (d\u00e9truite par une avalanche en 68 ).<\/span><\/p>\n<p><span style=\"font-family: verdana, arial, helvetica, sans-serif; font-size: small;\">-1968\u00a0: -Le nouveau franc de 1960 vaut un euro.<\/span><\/p>\n<p><b><i><span style=\"font-family: verdana, arial, helvetica, sans-serif; font-size: small;\">-Adeline BARRAL secr\u00e9taire de mairie<\/span><\/i><\/b><\/p>\n<p><span style=\"font-family: verdana, arial, helvetica, sans-serif; font-size: small;\">-1969\u00a0: -Elargissement du chemin du Pars \u00e0 Bernon.<\/span><\/p>\n<p><span style=\"font-family: verdana, arial, helvetica, sans-serif; font-size: small;\">-Participation financi\u00e8re \u00e0 l\u2019installation d\u2019un relais de t\u00e9l\u00e9vision \u00e0 Peisey.<\/span><\/p>\n<p><span style=\"font-family: verdana, arial, helvetica, sans-serif; font-size: small;\">-Parking \u00e0 La Bergerie et \u00e0 Pierrolaz. ( le Monument aux Morts, initialement \u00e9rig\u00e9 au bord de la route, est transf\u00e9r\u00e9 \u00e0 son emplacement actuel ).<\/span><\/p>\n<p><span style=\"font-family: verdana, arial, helvetica, sans-serif; font-size: small;\">-1970\u00a0: -Construction des halles \u00e0 Mont Rosset.<\/span><\/p>\n<p><span style=\"font-family: verdana, arial, helvetica, sans-serif; font-size: small;\">-Achat de la moto pompe \u00e0 incendie.<\/span><\/p>\n<p><span style=\"font-family: verdana, arial, helvetica, sans-serif; font-size: small;\">-R\u00e9novation de l\u2019\u00e9clairage public Villard ,Pierrolaz, Pr\u00e9girod<\/span><\/p>\n<p><span style=\"font-family: verdana, arial, helvetica, sans-serif;\"><span style=\"font-size: small;\">-1971\u00a0:\u00a0<b>Emile CRESSEND,\u00a0<i>Denis TANTET, Marcel SORREL.<\/i><\/b><\/span><\/span><\/p>\n<p><span style=\"font-family: verdana, arial, helvetica, sans-serif; font-size: small;\">-Deuxi\u00e8me classe au Villard.<\/span><\/p>\n<p><span style=\"font-family: verdana, arial, helvetica, sans-serif; font-size: small;\">-R\u00e9novation de l\u2019\u00e9clairage public La Sciaz\u00a0, Pr\u00e9b\u00e9rard, Les Moulins , Les Bergeries et Montm\u00e9ry<\/span><\/p>\n<p><span style=\"font-family: verdana, arial, helvetica, sans-serif; font-size: small;\">-Cabines t\u00e9l\u00e9phoniques \u00e0 La Sciaz et Pr\u00e9girod.<\/span><\/p>\n<p><span style=\"font-family: verdana, arial, helvetica, sans-serif;\"><span style=\"font-size: small;\">-1973\u00a0:\u00a0<b>F\u00e9licien BUTHOD-RUFFIER<i>, Marcel SORREL,<\/i>\u00a0<i>Odette BOUZON.<\/i><\/b><i>\u00a0<\/i><\/span><\/span><\/p>\n<p><span style=\"font-family: verdana, arial, helvetica, sans-serif; font-size: small;\">-Cr\u00e9ation du club de foot.<\/span><\/p>\n<p><span style=\"font-family: verdana, arial, helvetica, sans-serif; font-size: small;\">&#8211;<strong>Arlette PELLICIER<\/strong>\u00a0secr\u00e9taire de mairie.<\/span><\/p>\n<p><span style=\"font-family: verdana, arial, helvetica, sans-serif; font-size: small;\">-1974\u00a0: -Parking du Villard, pr\u00e8s de la chapelle.<\/span><\/p>\n<p><span style=\"font-family: verdana, arial, helvetica, sans-serif; font-size: small;\">-1976\u00a0: -Egouts Petite Bergerie<\/span><\/p>\n<p><span style=\"font-family: verdana, arial, helvetica, sans-serif; font-size: small;\">-Boites \u00e0 lettres Pr\u00e9b\u00e9rard La Sciaz.<\/span><\/p>\n<p><span style=\"font-family: verdana, arial, helvetica, sans-serif; font-size: small;\">-Enl\u00e8vement des ordures m\u00e9nag\u00e8res.<\/span><\/p>\n<p><span style=\"font-family: verdana, arial, helvetica, sans-serif;\"><span style=\"font-size: small;\">-1977\u00a0: :<b>Delphin SILVESTRE,\u00a0<i>Paul SORREL, Michel SILVESTRE.<\/i><\/b><\/span><\/span><\/p>\n<p><span style=\"font-family: verdana, arial, helvetica, sans-serif; font-size: small;\">-Taxiphones Villard et Bergerie.<\/span><\/p>\n<p><span style=\"font-family: verdana, arial, helvetica, sans-serif; font-size: small;\">-La fromagerie ferme ses portes .Albert Ollinet prend sa retraite.<\/span><\/p>\n<p><span style=\"font-family: verdana, arial, helvetica, sans-serif; font-size: small;\">-1978\u00a0: -Equipements publics aux Lognes.<\/span><\/p>\n<p><span style=\"font-family: verdana, arial, helvetica, sans-serif; font-size: small;\">-R\u00e9alisation du terrain de foot<\/span><\/p>\n<p><span style=\"font-family: verdana, arial, helvetica, sans-serif; font-size: small;\">-541 habitants \u00e0 la C\u00f4te.<\/span><\/p>\n<p><span style=\"font-family: verdana, arial, helvetica, sans-serif;\"><span style=\"font-size: small;\">-1979\u00a0:\u00a0<b>Michel SILVESTRE,\u00a0<i>Paul SORREL, Denis TANTET.<\/i><\/b><\/span><\/span><\/p>\n<p><span style=\"font-family: verdana, arial, helvetica, sans-serif; font-size: small;\">-1980\u00a0: -Derni\u00e8re tranche importante de construction de routes agricoles suite au remembrement.( celles situ\u00e9es \u00e0 l\u2019int\u00e9rieur des zones constructibles seront par la suite int\u00e9gr\u00e9e au r\u00e9seau communal).<\/span><\/p>\n<p><span style=\"font-family: verdana, arial, helvetica, sans-serif; font-size: small;\">-Rue de St Blaise, derni\u00e8re tranche.<\/span><\/p>\n<p><span style=\"font-family: verdana, arial, helvetica, sans-serif; font-size: small;\">-1980\u00a0: -D\u00e9but de l\u2019urbanisation importante de la commune\u00a0.(150 maisons neuves en 2000)<\/span><\/p>\n<p><span style=\"font-family: verdana, arial, helvetica, sans-serif; font-size: small;\">-1981\u00a0: -Fermeture de l\u2019\u00e9cole de la Bergerie.<\/span><\/p>\n<p><span style=\"font-family: verdana, arial, helvetica, sans-serif; font-size: small;\">-Les C\u00f4terains sont champions de Savoie de foot (dans leur division\u00a0!)<\/span><\/p>\n<p><span style=\"font-family: verdana, arial, helvetica, sans-serif; font-size: small;\">-1982:-Construction du chalet de ski et ouverture de la piste de fond.<\/span><\/p>\n<p><span style=\"font-family: verdana, arial, helvetica, sans-serif; font-size: small;\">-Cr\u00e9ation de l\u2019association du *Versant du soleil\u00a0*charg\u00e9e de la promotion touristique pour la C\u00f4te, Granier et Valezan.<\/span><\/p>\n<p><span style=\"font-family: verdana, arial, helvetica, sans-serif;\"><span style=\"font-size: small;\">-1983\u00a0:\u00a0<b>Delphin SILVESTR<i>E, Denis TANTET, Adrien SILVESTRE.<\/i><\/b><\/span><\/span><\/p>\n<p><span style=\"font-family: verdana, arial, helvetica, sans-serif; font-size: small;\">-Combalin d\u00e9truit par une avalanche.<\/span><\/p>\n<p><span style=\"font-family: verdana, arial, helvetica, sans-serif; font-size: small;\">-549 habitants recens\u00e9s.<\/span><\/p>\n<p><span style=\"font-family: verdana, arial, helvetica, sans-serif; font-size: small;\">-1986\u00a0: -Assainissement collectif Le Val.<\/span><\/p>\n<p><span style=\"font-family: verdana, arial, helvetica, sans-serif; font-size: small;\">-1988\u00a0: -Assainissement collectif des Lognes et du Villard.<\/span><\/p>\n<p><span style=\"font-family: verdana, arial, helvetica, sans-serif;\"><span style=\"font-size: small;\">-1989\u00a0:\u00a0<b>Raymond CRESSEND,\u00a0<i>G\u00e9rard SILVESTRE, G\u00e9rard BLANCHET.<\/i><\/b><\/span><\/span><\/p>\n<p><span style=\"font-family: verdana, arial, helvetica, sans-serif; font-size: small;\">-Assainissement collectif \u00e0 Pierrolaz ouest<\/span><\/p>\n<p><span style=\"font-family: verdana, arial, helvetica, sans-serif; font-size: small;\">-Projet OPAC<\/span><\/p>\n<p><span style=\"font-family: verdana, arial, helvetica, sans-serif; font-size: small;\">-1990: -538 habitants \u00e0 La C\u00f4te d\u2019Aime.<\/span><\/p>\n<p><span style=\"font-family: verdana, arial, helvetica, sans-serif; font-size: small;\">-1991: -Biblioth\u00e8que communale.<\/span><\/p>\n<p><span style=\"font-family: verdana, arial, helvetica, sans-serif; font-size: small;\">-1992: -Construction des garages communaux.<\/span><\/p>\n<p><span style=\"font-family: verdana, arial, helvetica, sans-serif; font-size: small;\">-1994: -Assainissement \u00e0 Beguevey, Pr\u00e9girod.<\/span><\/p>\n<p><span style=\"font-family: verdana, arial, helvetica, sans-serif; font-size: small;\">-Peintures int\u00e9rieures de l\u2019\u00e9glise\u00a0.<\/span><\/p>\n<p><span style=\"font-family: verdana, arial, helvetica, sans-serif;\"><span style=\"font-size: small;\">-1995\u00a0;\u00a0<b>Raymond CRESSEND,\u00a0<i>Michel GOMBERT, Michel SILVESTRE.<\/i><\/b><\/span><\/span><\/p>\n<p><span style=\"font-family: verdana, arial, helvetica, sans-serif; font-size: small;\">-1998\u00a0: -Fermeture de l\u2019\u00e9cole du Chef Lieu\u00a0<\/span><\/p>\n<p><span style=\"font-family: verdana, arial, helvetica, sans-serif; font-size: small;\">-Extension, r\u00e9novation de l\u2019\u00e9cole du Villard. Tous les enfants de la commune y sont scolaris\u00e9s. Ouverture d\u2019une 3<sup>\u00e8me<\/sup>\u00a0classe.<\/span><\/p>\n<p><span style=\"font-family: verdana, arial, helvetica, sans-serif; font-size: small;\">-1999\u00a0: 671 habitants \u00e0 La C\u00f4te.<\/span><\/p>\n<p><span style=\"font-family: verdana, arial, helvetica, sans-serif;\"><span style=\"font-size: small;\">-2000\u00a0: <b><i>Rachel MONTMAYEUR secr\u00e9taire de mairie.<\/i><\/b><\/span><\/span><\/p>\n<p><span style=\"font-family: verdana, arial, helvetica, sans-serif; font-size: small;\"><strong><em>&#8211;<\/em><\/strong>Parking du Pars.<\/span><\/p>\n<p><span style=\"font-family: verdana, arial, helvetica, sans-serif;\"><span style=\"font-size: small;\"><em>-2001\u00a0:\u00a0<b>Raymond CRESSEND, Pascal COLLOMB, Ren\u00e9 BUTHOD-GARCON,<\/b>\u00a0<\/em><\/span><\/span><\/p>\n<p><b><span style=\"font-family: verdana, arial, helvetica, sans-serif; font-size: small;\"><em>Michel JAY.<\/em><\/span><\/b><\/p>\n<p><span style=\"font-family: verdana, arial, helvetica, sans-serif; font-size: small;\">-Dissolution de l\u2019association \u00ab\u00a0le Versant du Soleil\u00a0\u00bb, et r\u00e9activation du Syndicat d\u2019Initiative.<\/span><\/p>\n<p><span style=\"font-family: verdana, arial, helvetica, sans-serif; font-size: small;\">-Assainissement La Sciaz\u00a0;<\/span><\/p>\n<p><span style=\"font-family: verdana, arial, helvetica, sans-serif; font-size: small;\">-Quatri\u00e8me classe au Villard.<\/span><\/p>\n<p><span style=\"font-family: verdana, arial, helvetica, sans-serif; font-size: small;\">-le franc vaut 0,15\u20ac.<\/span><\/p>\n<p><span style=\"font-family: verdana, arial, helvetica, sans-serif; font-size: small;\">-2002\u00a0: -Acquisition et d\u00e9molition de la maison de Justin Barral au Villard pour parking.<\/span><\/p>\n<p><span style=\"font-family: verdana, arial, helvetica, sans-serif; font-size: small;\">-L\u2019Euro remplace le franc.(1 euro= 6,55957 francs)<\/span><\/p>\n<p><span style=\"font-family: verdana, arial, helvetica, sans-serif; font-size: small;\">-2003\u00a0: -756 habitants.<\/span><\/p>\n<p><span style=\"font-family: verdana, arial, helvetica, sans-serif; font-size: small;\">-Quatre jeunes randonneurs surpris par une temp\u00eate de neige au Mont Rosset passent 4 jours et 3 nuits sous un ressaut de rocher avant de pouvoir \u00eatre retrouv\u00e9s et secourus sains et saufs.<\/span><\/p>\n<p><span style=\"font-family: verdana, arial, helvetica, sans-serif; font-size: small;\">-Faute de volontaires le Corps de Sapeurs Pompiers est dissout.<\/span><\/p>\n<p><span style=\"font-family: verdana, arial, helvetica, sans-serif; font-size: small;\">-Par manque d\u2019effectif le club de foot cesse son activit\u00e9\u00a0.<\/span><\/p>\n<p><span style=\"font-family: verdana, arial, helvetica, sans-serif; font-size: small;\">-Fermeture de la 4<sup>\u00e8me<\/sup>\u00a0classe ouverte en 2001.<\/span><\/p>\n<p><span style=\"font-family: verdana, arial, helvetica, sans-serif; font-size: small;\">-A cause du manque de pr\u00eatres, la Paroisse de La C\u00f4te est rattach\u00e9e \u00e0 celle d\u2019Aime<\/span><\/p>\n<p><span style=\"font-family: verdana, arial, helvetica, sans-serif; font-size: small;\">-Ann\u00e9e de grosse canicule et de s\u00e8cheresse caract\u00e9ris\u00e9e par sa dur\u00e9e (3 mois) son intensit\u00e9 (40\u00b0durablement) et l\u2019absence de pluviom\u00e9trie.<\/span><\/p>\n<p><span style=\"font-family: verdana, arial, helvetica, sans-serif; font-size: small;\">-2004\u00a0: -Assainissement collectif \u00e0 Pr\u00e9 B\u00e9rard(1\u00e8re Tranche).<\/span><\/p>\n<p><span style=\"font-family: verdana, arial, helvetica, sans-serif; font-size: small;\">-2005\u00a0: -R\u00e9ouverture de la 4 \u00e8me classe.<\/span><\/p>\n<p><span style=\"font-family: verdana, arial, helvetica, sans-serif; font-size: small;\">-825 habitants \u00e0 La C\u00f4te d\u2019Aime.<\/span><\/p>\n<p><span style=\"font-family: verdana, arial, helvetica, sans-serif; font-size: small;\">-Assainissement \u00e0 Pr\u00e9 B\u00e9rard, suite et fin.<\/span><\/p>\n<p><span style=\"font-family: verdana, arial, helvetica, sans-serif; font-size: small;\">-Mise en s\u00e9curit\u00e9 de la travers\u00e9e du Chef Lieu (trottoirs et passages pi\u00e9tons sur\u00e9lev\u00e9s).<\/span><\/p>\n<p><span style=\"font-family: verdana, arial, helvetica, sans-serif; font-size: small;\">-2006\u00a0:-Assainissement collectif aux Bergeries et Montm\u00e9ry.<\/span><\/p>\n<p><span style=\"font-family: verdana, arial, helvetica, sans-serif; font-size: small;\">-R\u00e9novation (goudronnage) d\u2019une partie de la route de Mont Rosset.<\/span><\/p>\n<p><span style=\"font-family: verdana, arial, helvetica, sans-serif; font-size: small;\">-Le refuge de la Balme est \u00e9quip\u00e9 en photovolta\u00efque.<\/span><\/p>\n<p><span style=\"font-family: verdana, arial, helvetica, sans-serif; font-size: small;\">-R\u00e9fection du pont de Bon Pas.<\/span><\/p>\n<p><span style=\"font-family: verdana, arial, helvetica, sans-serif; font-size: small;\">-Equipement de l\u2019\u00e9cole en ordinateurs.<\/span><\/p>\n<p><span style=\"font-family: verdana, arial, helvetica, sans-serif; font-size: small;\">-Am\u00e9nagement de l\u2019acc\u00e8s \u00e0 la salle des f\u00eates pour les personnes \u00e0<\/span><\/p>\n<p><span style=\"font-family: verdana, arial, helvetica, sans-serif; font-size: small;\">mobilit\u00e9 r\u00e9duite (ascenseur).<\/span><\/p>\n<p><span style=\"font-family: verdana, arial, helvetica, sans-serif; font-size: small;\">-2007\u00a0:-Cr\u00e9ation d\u2019un parking \u00e0 Pr\u00e9b\u00e9rard<\/span><\/p>\n<p><span style=\"font-family: verdana, arial, helvetica, sans-serif; font-size: small;\">-Mise en s\u00e9curit\u00e9 de le travers\u00e9e de Pr\u00e9b\u00e9rard<\/span><\/p>\n<p><span style=\"font-family: verdana, arial, helvetica, sans-serif; font-size: small;\">-Eclairage public \u00e0 Moulins et aux Mariets<\/span><\/p>\n<p><span style=\"font-family: verdana, arial, helvetica, sans-serif; font-size: small;\">-Acquisition d\u2019un ossuaire<\/span><\/p>\n<p style=\"font-family: Arial, Helvetica, sans-serif;\"><span style=\"font-size: small;\">&#8211; 2008\u00a0: &#8211; mars\u00a0: Election du\u00a0<em>conseil municipal et du maire\u00a0 :<\/em><\/span><\/p>\n<p style=\"font-family: Arial, Helvetica, sans-serif;\"><span style=\"font-size: small;\"><strong>Xavier BONNET-EYMARD,<\/strong>\u00a0les adjoints sont :<strong>\u00a0<\/strong><i><strong>Jo\u00ebl COLLOMB, Michel OUDARD,<\/strong>\u00a0<\/i><b><i>Marie-Paule NULLANS, Philippe SILVESTRE.<\/i><\/b><\/span><\/p>\n<p style=\"font-family: Arial, Helvetica, sans-serif;\"><span style=\"font-size: small;\"><b><i><\/i><\/b>&#8211; juillet\u00a0: le maire\u00a0 est\u00a0<strong>Michel OUDARD<\/strong>\u00a0et les adjoints sont<strong>\u00a0:\u00a0<\/strong><i><strong>Jo\u00eal COLLOMB, Marie-Paule NULLANS, Philippe SILVESTRE, Xavier BONNET-EYMARD.<\/strong><\/i><\/span><\/p>\n<p style=\"font-family: Arial, Helvetica, sans-serif;\"><span style=\"font-size: small;\">\u00a0<b>&#8211;\u00a0\u00a0\u00a0\u00a0<\/b>Enfouissement du r\u00e9seau \u00e9lectrique a Pierrolaz et Montm\u00e9ry.<\/span><\/p>\n<p style=\"font-family: Arial, Helvetica, sans-serif;\"><span style=\"font-size: small;\"><b>&#8211;\u00a0\u00a0\u00a0\u00a0<\/b>Parking \u00e0 Pr\u00e9girod.<\/span><\/p>\n<p>&nbsp;<\/p>\n<p><strong><span style=\"font-family: verdana, arial, helvetica, sans-serif; font-size: small;\">-Evolution de la population scolaire\u00a0<\/span><\/strong><\/p>\n<ul>\n<li><span style=\"font-family: verdana, arial, helvetica, sans-serif; font-size: small;\">1999=82 \u00e9l\u00e8ves.<\/span><\/li>\n<li><span style=\"font-family: verdana, arial, helvetica, sans-serif; font-size: small;\">2000=85 \u00e9l\u00e8ves\u00a0<\/span><\/li>\n<li><span style=\"font-family: verdana, arial, helvetica, sans-serif; font-size: small;\">2001=85 \u00e9l\u00e8ves\u00a0<\/span><\/li>\n<li><span style=\"font-family: verdana, arial, helvetica, sans-serif; font-size: small;\">2002=82 \u00e9l\u00e8ves<\/span><\/li>\n<li><span style=\"font-family: verdana, arial, helvetica, sans-serif; font-size: small;\">2003=74 \u00e9l\u00e8ves<\/span><\/li>\n<li><span style=\"font-family: verdana, arial, helvetica, sans-serif; font-size: small;\">2004=71 \u00e9l\u00e8ves<\/span><\/li>\n<li><span style=\"font-family: verdana, arial, helvetica, sans-serif; font-size: small;\">2005=89 \u00e9l\u00e8ves<\/span><\/li>\n<li><span style=\"font-family: verdana, arial, helvetica, sans-serif; font-size: small;\">2006=86 \u00e9l\u00e8ves<\/span><\/li>\n<li><span style=\"font-family: verdana, arial, helvetica, sans-serif; font-size: small;\">2007=\u00a065 \u00e9l\u00e8ves\u00a0<\/span><\/li>\n<\/ul>\n<p>&nbsp;<\/p>\n<p><span style=\"font-family: verdana, arial, helvetica, sans-serif;\">\u00a0<\/span><\/p>\n<p><strong><span style=\"font-family: verdana, arial, helvetica, sans-serif; font-size: small;\">-Variation du solde d\u00e9mographique<\/span><\/strong><\/p>\n<p><span style=\"font-family: verdana, arial, helvetica, sans-serif;\">\u00a0<\/span><\/p>\n<table style=\"width: 615px;\" border=\"1\" cellspacing=\"0\" cellpadding=\"5\">\n<colgroup><\/colgroup>\n<colgroup>\n<col width=\"93\" \/>\n<col width=\"75\" \/>\n<col width=\"75\" \/>\n<col width=\"75\" \/>\n<col width=\"75\" \/>\n<col width=\"75\" \/>\n<col width=\"75\" \/><\/colgroup>\n<tbody>\n<tr valign=\"top\">\n<td width=\"93\"><span style=\"font-family: verdana, arial, helvetica, sans-serif;\">\u00a0<\/span><\/td>\n<td width=\"75\"><span style=\"font-family: verdana, arial, helvetica, sans-serif; font-size: small;\">1962-1968<\/span><\/td>\n<td width=\"75\"><span style=\"font-family: verdana, arial, helvetica, sans-serif; font-size: small;\">1968-1975<\/span><\/td>\n<td width=\"75\"><span style=\"font-family: verdana, arial, helvetica, sans-serif; font-size: small;\">1975-1982<\/span><\/td>\n<td width=\"75\"><span style=\"font-family: verdana, arial, helvetica, sans-serif; font-size: small;\">1982-1990<\/span><\/td>\n<td width=\"75\"><span style=\"font-family: verdana, arial, helvetica, sans-serif; font-size: small;\">1990-1999<\/span><\/td>\n<td width=\"75\"><span style=\"font-family: verdana, arial, helvetica, sans-serif; font-size: small;\">1999-2005<\/span><\/td>\n<\/tr>\n<tr valign=\"top\">\n<td width=\"93\"><span style=\"font-family: verdana, arial, helvetica, sans-serif; font-size: small;\">Naissances<\/span><\/td>\n<td width=\"75\"><span style=\"font-family: verdana, arial, helvetica, sans-serif; font-size: small;\">58<\/span><\/td>\n<td width=\"75\"><span style=\"font-family: verdana, arial, helvetica, sans-serif; font-size: small;\">47<\/span><\/td>\n<td width=\"75\"><span style=\"font-family: verdana, arial, helvetica, sans-serif; font-size: small;\">17<\/span><\/td>\n<td width=\"75\"><span style=\"font-family: verdana, arial, helvetica, sans-serif; font-size: small;\">38<\/span><\/td>\n<td width=\"75\"><span style=\"font-family: verdana, arial, helvetica, sans-serif; font-size: small;\">60<\/span><\/td>\n<td width=\"75\"><span style=\"font-family: verdana, arial, helvetica, sans-serif; font-size: small;\">46<\/span><\/td>\n<\/tr>\n<tr valign=\"top\">\n<td width=\"93\"><span style=\"font-family: verdana, arial, helvetica, sans-serif; font-size: small;\">D\u00e9c\u00e8s<\/span><\/td>\n<td width=\"75\"><span style=\"font-family: verdana, arial, helvetica, sans-serif; font-size: small;\">32<\/span><\/td>\n<td width=\"75\"><span style=\"font-family: verdana, arial, helvetica, sans-serif; font-size: small;\">42<\/span><\/td>\n<td width=\"75\"><span style=\"font-family: verdana, arial, helvetica, sans-serif; font-size: small;\">43<\/span><\/td>\n<td width=\"75\"><span style=\"font-family: verdana, arial, helvetica, sans-serif; font-size: small;\">42<\/span><\/td>\n<td width=\"75\"><span style=\"font-family: verdana, arial, helvetica, sans-serif; font-size: small;\">39<\/span><\/td>\n<td width=\"75\"><span style=\"font-family: verdana, arial, helvetica, sans-serif; font-size: small;\">29<\/span><\/td>\n<\/tr>\n<tr valign=\"top\">\n<td width=\"93\"><span style=\"font-family: verdana, arial, helvetica, sans-serif; font-size: small;\">Solde<\/span><\/td>\n<td width=\"75\"><span style=\"font-family: verdana, arial, helvetica, sans-serif; font-size: small;\">26<\/span><\/td>\n<td width=\"75\"><span style=\"font-family: verdana, arial, helvetica, sans-serif; font-size: small;\">5<\/span><\/td>\n<td width=\"75\"><span style=\"font-family: verdana, arial, helvetica, sans-serif; font-size: small;\">-26<\/span><\/td>\n<td width=\"75\"><span style=\"font-family: verdana, arial, helvetica, sans-serif; font-size: small;\">-4<\/span><\/td>\n<td width=\"75\"><span style=\"font-family: verdana, arial, helvetica, sans-serif; font-size: small;\">+21<\/span><\/td>\n<td width=\"75\"><span style=\"font-family: verdana, arial, helvetica, sans-serif; font-size: small;\">+17<\/span><\/td>\n<\/tr>\n<tr valign=\"top\">\n<td width=\"93\"><span style=\"font-family: verdana, arial, helvetica, sans-serif; font-size: small;\">Migration<\/span><\/td>\n<td width=\"75\"><span style=\"font-family: verdana, arial, helvetica, sans-serif; font-size: small;\">-77<\/span><\/td>\n<td width=\"75\"><span style=\"font-family: verdana, arial, helvetica, sans-serif; font-size: small;\">-67<\/span><\/td>\n<td width=\"75\"><span style=\"font-family: verdana, arial, helvetica, sans-serif; font-size: small;\">+36<\/span><\/td>\n<td width=\"75\"><span style=\"font-family: verdana, arial, helvetica, sans-serif; font-size: small;\">+21<\/span><\/td>\n<td width=\"75\"><span style=\"font-family: verdana, arial, helvetica, sans-serif; font-size: small;\">+102<\/span><\/td>\n<td width=\"75\"><span style=\"font-family: verdana, arial, helvetica, sans-serif; font-size: small;\">+146<\/span><\/td>\n<\/tr>\n<tr valign=\"top\">\n<td width=\"93\"><span style=\"font-family: verdana, arial, helvetica, sans-serif; font-size: small;\">Variation<\/span><\/td>\n<td width=\"75\"><span style=\"font-family: verdana, arial, helvetica, sans-serif; font-size: small;\">-51<\/span><\/td>\n<td width=\"75\"><span style=\"font-family: verdana, arial, helvetica, sans-serif; font-size: small;\">-62<\/span><\/td>\n<td width=\"75\"><span style=\"font-family: verdana, arial, helvetica, sans-serif; font-size: small;\">+10<\/span><\/td>\n<td width=\"75\"><span style=\"font-family: verdana, arial, helvetica, sans-serif; font-size: small;\">+17<\/span><\/td>\n<td width=\"75\"><span style=\"font-family: verdana, arial, helvetica, sans-serif; font-size: small;\">+123<\/span><\/td>\n<td width=\"75\"><span style=\"font-family: verdana, arial, helvetica, sans-serif; font-size: small;\">+163<\/span><\/td>\n<\/tr>\n<\/tbody>\n<\/table>\n<p><span style=\"font-family: verdana, arial, helvetica, sans-serif; font-size: small;\">\u00a0<\/span><\/p>\n<p align=\"right\"><span style=\"font-family: Verdana; font-size: small;\">Guy Plassiard<\/span><\/p>\n","protected":false},"excerpt":{"rendered":"<p>&nbsp; Les dates mentionn\u00e9es ici sont celles des d\u00e9lib\u00e9rations qui engagent les travaux. La r\u00e9alisation de ceux-ci d\u00e9pendra des al\u00e9as fonciers, financiers et administratifs qui peuvent reporter la mise en&hellip; <\/p>\n","protected":false},"author":1,"featured_media":0,"parent":232,"menu_order":0,"comment_status":"closed","ping_status":"closed","template":"","meta":{"footnotes":"","_links_to":"","_links_to_target":""},"class_list":["post-247","page","type-page","status-publish","hentry"],"_links":{"self":[{"href":"https:\/\/www.lacotedaime.com\/Syndicat-Initiative\/wp-json\/wp\/v2\/pages\/247","targetHints":{"allow":["GET"]}}],"collection":[{"href":"https:\/\/www.lacotedaime.com\/Syndicat-Initiative\/wp-json\/wp\/v2\/pages"}],"about":[{"href":"https:\/\/www.lacotedaime.com\/Syndicat-Initiative\/wp-json\/wp\/v2\/types\/page"}],"author":[{"embeddable":true,"href":"https:\/\/www.lacotedaime.com\/Syndicat-Initiative\/wp-json\/wp\/v2\/users\/1"}],"replies":[{"embeddable":true,"href":"https:\/\/www.lacotedaime.com\/Syndicat-Initiative\/wp-json\/wp\/v2\/comments?post=247"}],"version-history":[{"count":4,"href":"https:\/\/www.lacotedaime.com\/Syndicat-Initiative\/wp-json\/wp\/v2\/pages\/247\/revisions"}],"predecessor-version":[{"id":1008,"href":"https:\/\/www.lacotedaime.com\/Syndicat-Initiative\/wp-json\/wp\/v2\/pages\/247\/revisions\/1008"}],"up":[{"embeddable":true,"href":"https:\/\/www.lacotedaime.com\/Syndicat-Initiative\/wp-json\/wp\/v2\/pages\/232"}],"wp:attachment":[{"href":"https:\/\/www.lacotedaime.com\/Syndicat-Initiative\/wp-json\/wp\/v2\/media?parent=247"}],"curies":[{"name":"wp","href":"https:\/\/api.w.org\/{rel}","templated":true}]}}