{"id":151,"date":"2013-03-20T16:00:22","date_gmt":"2013-03-20T15:00:22","guid":{"rendered":"http:\/\/www.lacotedaime.com\/Syndicat-Initiative\/?page_id=151"},"modified":"2024-09-03T16:05:28","modified_gmt":"2024-09-03T15:05:28","slug":"florence-regnault","status":"publish","type":"page","link":"https:\/\/www.lacotedaime.com\/Syndicat-Initiative\/vie-artistique\/florence-regnault\/","title":{"rendered":"Florence Regnault _ Artiste peintre"},"content":{"rendered":"<table style=\"border-collapse: collapse; width: 100%;\">\n<tbody>\n<tr>\n<td style=\"width: 100%;\" valign=\"top\" height=\"773\">\n<p class=\"texteatelier\">L&rsquo;Atelier pictural de Montm\u00e9ry, situ\u00e9 dans le petit village de Montm\u00e9ry sur la commune de La C\u00f4te d&rsquo;Aime au c\u0153ur de la vall\u00e9e de la Tarentaise en Savoie, a ouvert ses portes en Janvier 2002.<\/p>\n<p class=\"texteatelier\">L&rsquo;Atelier de Montm\u00e9ry dispense chaque semaine et tout au long de l&rsquo;ann\u00e9e des cours de peintures.<\/p>\n<p class=\"texteatelier\">L&rsquo;Atelier Pictural de Montm\u00e9ry, anim\u00e9 par Florence Regnault, organise des\u00a0<a href=\"http:\/\/www.atelierdemontmery.fr\/pages\/stage003.html\">stages de peintures<\/a>\u00a0pour aborder diff\u00e9rentes techniques et sujets.<\/p>\n<p class=\"texteatelier\">L&rsquo;atelier propose \u00e9galement du Team building :<br \/>\nCela fait maintenant 3 ans que je pratique le\u00a0<span class=\"orange\">team building<\/span>.<br \/>\nMa premi\u00e8re exp\u00e9rience fut celle tent\u00e9e avec le staff de l\u2019\u00e9quipe de France de football. L\u2019exp\u00e9rience consiste \u00e0 amener les participants \u00e0 cr\u00e9er une \u0153uvre en un temps donn\u00e9 sur un th\u00e8me donn\u00e9. Le maitre mot est la spontan\u00e9it\u00e9, je suis l\u00e0 comme guide, apportant les moyens techniques afin que chacun puisse exprimer sa cr\u00e9ativit\u00e9.<\/p>\n<p class=\"texteatelier\">L&rsquo;atelier est orient\u00e9 vers la peinture d&rsquo;objets et meubles en bois, mais \u00e9galement la d\u00e9coration d&rsquo;objets en m\u00e9tal, tissu plastique et verre.<br \/>\nCet art populaire est une facette culturelle propre \u00e0 chaque r\u00e9gion, chaque pays, selon les techniques, les mat\u00e9riaux et les coutumes.<\/p>\n<p class=\"texteatelier\">L&rsquo;Atelier de Montm\u00e9ry accueille 6 \u00e0 7 stagiaires au maximum dans le m\u00eame cours, le mardi, jeudi et vendredi de 9h \u00e0 12h et 13h 30 \u00e0 16h 30.<\/p>\n<p><a href=\"http:\/\/www.atelierdemontmery.fr\">http:\/\/www.atelierdemontmery.fr<\/a><\/p>\n<p><a href=\"mailto:contact@atelierdemontmery.fr\">contact@atelierdemontmery.fr<\/a><\/p>\n<p>06 87 67 88 10<\/p>\n<\/td>\n<td style=\"width: 27.6%;\">\n<p><a href=\"https:\/\/www.lacotedaime.com\/Syndicat-Initiative\/wp-content\/uploads\/2019\/10\/fleurs.jpg\"><img decoding=\"async\" class=\"size-medium wp-image-4126 alignnone\" src=\"https:\/\/www.lacotedaime.com\/Syndicat-Initiative\/wp-content\/uploads\/2019\/10\/fleurs-225x300.jpg\" alt=\"\" width=\"225\" height=\"300\" srcset=\"https:\/\/www.lacotedaime.com\/Syndicat-Initiative\/wp-content\/uploads\/2019\/10\/fleurs-225x300.jpg 225w, https:\/\/www.lacotedaime.com\/Syndicat-Initiative\/wp-content\/uploads\/2019\/10\/fleurs.jpg 600w\" sizes=\"(max-width: 225px) 100vw, 225px\" \/><\/a><\/p>\n<p><a href=\"https:\/\/www.lacotedaime.com\/Syndicat-Initiative\/wp-content\/uploads\/2019\/10\/fleurs.jpg\"><img decoding=\"async\" class=\"size-medium wp-image-4126 alignnone\" src=\"https:\/\/www.lacotedaime.com\/Syndicat-Initiative\/wp-content\/uploads\/2019\/10\/fleurs-225x300.jpg\" alt=\"\" width=\"225\" height=\"300\" srcset=\"https:\/\/www.lacotedaime.com\/Syndicat-Initiative\/wp-content\/uploads\/2019\/10\/fleurs-225x300.jpg 225w, https:\/\/www.lacotedaime.com\/Syndicat-Initiative\/wp-content\/uploads\/2019\/10\/fleurs.jpg 600w\" sizes=\"(max-width: 225px) 100vw, 225px\" \/><\/a><\/p>\n<\/td>\n<\/tr>\n<\/tbody>\n<\/table>\n<p>&nbsp;<\/p>\n<p>&nbsp;<\/p>\n","protected":false},"excerpt":{"rendered":"<p>L&rsquo;Atelier pictural de Montm\u00e9ry, situ\u00e9 dans le petit village de Montm\u00e9ry sur la commune de La C\u00f4te d&rsquo;Aime au c\u0153ur de la vall\u00e9e de la Tarentaise en Savoie, a ouvert&hellip; <\/p>\n","protected":false},"author":1,"featured_media":0,"parent":114,"menu_order":0,"comment_status":"closed","ping_status":"closed","template":"","meta":{"footnotes":"","_links_to":"","_links_to_target":""},"class_list":["post-151","page","type-page","status-publish","hentry"],"_links":{"self":[{"href":"https:\/\/www.lacotedaime.com\/Syndicat-Initiative\/wp-json\/wp\/v2\/pages\/151","targetHints":{"allow":["GET"]}}],"collection":[{"href":"https:\/\/www.lacotedaime.com\/Syndicat-Initiative\/wp-json\/wp\/v2\/pages"}],"about":[{"href":"https:\/\/www.lacotedaime.com\/Syndicat-Initiative\/wp-json\/wp\/v2\/types\/page"}],"author":[{"embeddable":true,"href":"https:\/\/www.lacotedaime.com\/Syndicat-Initiative\/wp-json\/wp\/v2\/users\/1"}],"replies":[{"embeddable":true,"href":"https:\/\/www.lacotedaime.com\/Syndicat-Initiative\/wp-json\/wp\/v2\/comments?post=151"}],"version-history":[{"count":6,"href":"https:\/\/www.lacotedaime.com\/Syndicat-Initiative\/wp-json\/wp\/v2\/pages\/151\/revisions"}],"predecessor-version":[{"id":5287,"href":"https:\/\/www.lacotedaime.com\/Syndicat-Initiative\/wp-json\/wp\/v2\/pages\/151\/revisions\/5287"}],"up":[{"embeddable":true,"href":"https:\/\/www.lacotedaime.com\/Syndicat-Initiative\/wp-json\/wp\/v2\/pages\/114"}],"wp:attachment":[{"href":"https:\/\/www.lacotedaime.com\/Syndicat-Initiative\/wp-json\/wp\/v2\/media?parent=151"}],"curies":[{"name":"wp","href":"https:\/\/api.w.org\/{rel}","templated":true}]}}